{"id":758,"date":"2022-10-03T15:30:59","date_gmt":"2022-10-03T13:30:59","guid":{"rendered":"https:\/\/protestszkolnictwa.pl\/?page_id=758"},"modified":"2023-08-18T08:49:03","modified_gmt":"2023-08-18T06:49:03","slug":"strona-glowna","status":"publish","type":"page","link":"https:\/\/protestszkolnictwa.pl\/","title":{"rendered":"Strona g\u0142\u00f3wna"},"content":{"rendered":"\t\t<div data-elementor-type=\"wp-page\" data-elementor-id=\"758\" class=\"elementor elementor-758\">\n\t\t\t\t\t\t<section class=\"elementor-section elementor-top-section elementor-element elementor-element-3c19d2e4 elementor-section-full_width elementor-section-height-default elementor-section-height-default\" data-id=\"3c19d2e4\" data-element_type=\"section\" data-e-type=\"section\" data-settings=\"{&quot;background_background&quot;:&quot;classic&quot;}\">\n\t\t\t\t\t\t\t<div class=\"elementor-background-overlay\"><\/div>\n\t\t\t\t\t\t\t<div class=\"elementor-container elementor-column-gap-no\">\n\t\t\t\t\t<div class=\"elementor-column elementor-col-100 elementor-top-column elementor-element elementor-element-538f0f7c\" data-id=\"538f0f7c\" data-element_type=\"column\" data-e-type=\"column\" data-settings=\"{&quot;animation&quot;:&quot;none&quot;}\">\n\t\t\t<div class=\"elementor-widget-wrap elementor-element-populated\">\n\t\t\t\t\t\t<div class=\"elementor-element elementor-element-4fc3fe6b elementor-widget elementor-widget-heading\" data-id=\"4fc3fe6b\" data-element_type=\"widget\" data-e-type=\"widget\" data-widget_type=\"heading.default\">\n\t\t\t\t<div class=\"elementor-widget-container\">\n\t\t\t\t\t<h1 class=\"elementor-heading-title elementor-size-default\">PROTEST PRACOWNIK\u00d3W<BR> SZKOLNICTWA WY\u017bSZEGO I&nbsp;NAUKI<\/h1>\t\t\t\t<\/div>\n\t\t\t\t<\/div>\n\t\t\t\t\t<\/div>\n\t\t<\/div>\n\t\t\t\t\t<\/div>\n\t\t<\/section>\n\t\t\t\t<section class=\"elementor-section elementor-top-section elementor-element elementor-element-7c61092d elementor-section-boxed elementor-section-height-default elementor-section-height-default\" data-id=\"7c61092d\" data-element_type=\"section\" data-e-type=\"section\">\n\t\t\t\t\t\t<div class=\"elementor-container elementor-column-gap-default\">\n\t\t\t\t\t<div class=\"elementor-column elementor-col-100 elementor-top-column elementor-element elementor-element-34ee6\" data-id=\"34ee6\" data-element_type=\"column\" data-e-type=\"column\">\n\t\t\t<div class=\"elementor-widget-wrap elementor-element-populated\">\n\t\t\t\t\t\t<div class=\"elementor-element elementor-element-4fe0a219 elementor-widget elementor-widget-heading\" data-id=\"4fe0a219\" data-element_type=\"widget\" data-e-type=\"widget\" data-widget_type=\"heading.default\">\n\t\t\t\t<div class=\"elementor-widget-container\">\n\t\t\t\t\t<h2 class=\"elementor-heading-title elementor-size-default\">O co walczymy?<\/h2>\t\t\t\t<\/div>\n\t\t\t\t<\/div>\n\t\t\t\t<div class=\"elementor-element elementor-element-5636fa6a elementor-position-inline-start animated-fast elementor-view-default elementor-mobile-position-block-start elementor-invisible elementor-widget elementor-widget-icon-box\" data-id=\"5636fa6a\" data-element_type=\"widget\" data-e-type=\"widget\" data-settings=\"{&quot;_animation&quot;:&quot;bounceIn&quot;}\" data-widget_type=\"icon-box.default\">\n\t\t\t\t<div class=\"elementor-widget-container\">\n\t\t\t\t\t\t\t<div class=\"elementor-icon-box-wrapper\">\n\n\t\t\t\t\t\t<div class=\"elementor-icon-box-icon\">\n\t\t\t\t<span  class=\"elementor-icon\">\n\t\t\t\t<i aria-hidden=\"true\" class=\"fas fa-coins\"><\/i>\t\t\t\t<\/span>\n\t\t\t<\/div>\n\t\t\t\n\t\t\t\t\t\t<div class=\"elementor-icon-box-content\">\n\n\t\t\t\t\t\t\t\t\t<h4 class=\"elementor-icon-box-title\">\n\t\t\t\t\t\t<span  >\n\t\t\t\t\t\t\tSzkolnictwo wy\u017csze i nauka od lat zmagaj\u0105 si\u0119 z chronicznym niedofinansowaniem.\t\t\t\t\t\t<\/span>\n\t\t\t\t\t<\/h4>\n\t\t\t\t\n\t\t\t\t\n\t\t\t<\/div>\n\t\t\t\n\t\t<\/div>\n\t\t\t\t\t\t<\/div>\n\t\t\t\t<\/div>\n\t\t\t\t<div class=\"elementor-element elementor-element-3afe5006 elementor-position-inline-end animated-fast elementor-view-default elementor-mobile-position-block-start elementor-invisible elementor-widget elementor-widget-icon-box\" data-id=\"3afe5006\" data-element_type=\"widget\" data-e-type=\"widget\" data-settings=\"{&quot;_animation&quot;:&quot;bounceIn&quot;,&quot;_animation_delay&quot;:100}\" data-widget_type=\"icon-box.default\">\n\t\t\t\t<div class=\"elementor-widget-container\">\n\t\t\t\t\t\t\t<div class=\"elementor-icon-box-wrapper\">\n\n\t\t\t\t\t\t<div class=\"elementor-icon-box-icon\">\n\t\t\t\t<span  class=\"elementor-icon\">\n\t\t\t\t<i aria-hidden=\"true\" class=\"fas fa-user-friends\"><\/i>\t\t\t\t<\/span>\n\t\t\t<\/div>\n\t\t\t\n\t\t\t\t\t\t<div class=\"elementor-icon-box-content\">\n\n\t\t\t\t\t\t\t\t\t<h4 class=\"elementor-icon-box-title\">\n\t\t\t\t\t\t<span  >\n\t\t\t\t\t\t\tWielokrotnie wskazywali\u015bmy na to w naszych apelach kierowanych do rz\u0105dz\u0105cych \u2013 tak\u017ce w czasie trwania pandemii, kt\u00f3ra z ca\u0142\u0105 moc\u0105 unaoczni\u0142a znaczenie spo\u0142eczne bada\u0144 naukowych.\t\t\t\t\t\t<\/span>\n\t\t\t\t\t<\/h4>\n\t\t\t\t\n\t\t\t\t\n\t\t\t<\/div>\n\t\t\t\n\t\t<\/div>\n\t\t\t\t\t\t<\/div>\n\t\t\t\t<\/div>\n\t\t\t\t<div class=\"elementor-element elementor-element-128c9092 elementor-position-inline-start animated-fast elementor-view-default elementor-mobile-position-block-start elementor-invisible elementor-widget elementor-widget-icon-box\" data-id=\"128c9092\" data-element_type=\"widget\" data-e-type=\"widget\" data-settings=\"{&quot;_animation&quot;:&quot;bounceIn&quot;,&quot;_animation_delay&quot;:200}\" data-widget_type=\"icon-box.default\">\n\t\t\t\t<div class=\"elementor-widget-container\">\n\t\t\t\t\t\t\t<div class=\"elementor-icon-box-wrapper\">\n\n\t\t\t\t\t\t<div class=\"elementor-icon-box-icon\">\n\t\t\t\t<span  class=\"elementor-icon\">\n\t\t\t\t<i aria-hidden=\"true\" class=\"fas fa-thumbs-down\"><\/i>\t\t\t\t<\/span>\n\t\t\t<\/div>\n\t\t\t\n\t\t\t\t\t\t<div class=\"elementor-icon-box-content\">\n\n\t\t\t\t\t\t\t\t\t<h4 class=\"elementor-icon-box-title\">\n\t\t\t\t\t\t<span  >\n\t\t\t\t\t\t\tPriorytety w\u0142adzy politycznej, w\u0142\u0105cznie z planami wielomiliardowego zwi\u0119kszania wydatk\u00f3w bud\u017cetowych, po raz kolejny nie dotycz\u0105 jednak szkolnictwa wy\u017cszego i nauki. \t\t\t\t\t\t<\/span>\n\t\t\t\t\t<\/h4>\n\t\t\t\t\n\t\t\t\t\n\t\t\t<\/div>\n\t\t\t\n\t\t<\/div>\n\t\t\t\t\t\t<\/div>\n\t\t\t\t<\/div>\n\t\t\t\t<div class=\"elementor-element elementor-element-6d2a836 elementor-position-inline-end animated-fast elementor-view-default elementor-mobile-position-block-start elementor-invisible elementor-widget elementor-widget-icon-box\" data-id=\"6d2a836\" data-element_type=\"widget\" data-e-type=\"widget\" data-settings=\"{&quot;_animation&quot;:&quot;bounceIn&quot;,&quot;_animation_delay&quot;:300}\" data-widget_type=\"icon-box.default\">\n\t\t\t\t<div class=\"elementor-widget-container\">\n\t\t\t\t\t\t\t<div class=\"elementor-icon-box-wrapper\">\n\n\t\t\t\t\t\t<div class=\"elementor-icon-box-icon\">\n\t\t\t\t<span  class=\"elementor-icon\">\n\t\t\t\t<i aria-hidden=\"true\" class=\"fas fa-fist-raised\"><\/i>\t\t\t\t<\/span>\n\t\t\t<\/div>\n\t\t\t\n\t\t\t\t\t\t<div class=\"elementor-icon-box-content\">\n\n\t\t\t\t\t\t\t\t\t<h4 class=\"elementor-icon-box-title\">\n\t\t\t\t\t\t<span  >\n\t\t\t\t\t\t\tPonadto rz\u0105d nie wywi\u0105za\u0142 si\u0119 ze zobowi\u0105za\u0144 30-procentowych podwy\u017cek w czasie trzech lat, zawartych podczas wprowadzania Prawa o szkolnictwie wy\u017cszym i nauce w 2018 r.\u2013 w okresie, gdy poziom wzrostu cen by\u0142 znacznie ni\u017cszy ni\u017c obecnie.\t\t\t\t\t\t<\/span>\n\t\t\t\t\t<\/h4>\n\t\t\t\t\n\t\t\t\t\n\t\t\t<\/div>\n\t\t\t\n\t\t<\/div>\n\t\t\t\t\t\t<\/div>\n\t\t\t\t<\/div>\n\t\t\t\t\t<\/div>\n\t\t<\/div>\n\t\t\t\t\t<\/div>\n\t\t<\/section>\n\t\t\t\t<section class=\"elementor-section elementor-top-section elementor-element elementor-element-efe3d08 elementor-section-full_width elementor-section-height-default elementor-section-height-default\" data-id=\"efe3d08\" data-element_type=\"section\" data-e-type=\"section\" data-settings=\"{&quot;background_background&quot;:&quot;classic&quot;}\">\n\t\t\t\t\t\t<div class=\"elementor-container elementor-column-gap-default\">\n\t\t\t\t\t<div class=\"elementor-column elementor-col-100 elementor-top-column elementor-element elementor-element-bcf6e3f\" data-id=\"bcf6e3f\" data-element_type=\"column\" data-e-type=\"column\">\n\t\t\t<div class=\"elementor-widget-wrap elementor-element-populated\">\n\t\t\t\t\t\t<div class=\"elementor-element elementor-element-38685f6 elementor-widget elementor-widget-image\" data-id=\"38685f6\" data-element_type=\"widget\" data-e-type=\"widget\" data-widget_type=\"image.default\">\n\t\t\t\t<div class=\"elementor-widget-container\">\n\t\t\t\t\t\t\t\t\t\t\t\t\t\t\t<img fetchpriority=\"high\" decoding=\"async\" width=\"1354\" height=\"1897\" src=\"https:\/\/protestszkolnictwa.pl\/wp-content\/uploads\/2023\/08\/pikieta.png\" class=\"attachment-full size-full wp-image-810\" alt=\"\" srcset=\"https:\/\/protestszkolnictwa.pl\/wp-content\/uploads\/2023\/08\/pikieta.png 1354w, https:\/\/protestszkolnictwa.pl\/wp-content\/uploads\/2023\/08\/pikieta-214x300.png 214w, https:\/\/protestszkolnictwa.pl\/wp-content\/uploads\/2023\/08\/pikieta-731x1024.png 731w, https:\/\/protestszkolnictwa.pl\/wp-content\/uploads\/2023\/08\/pikieta-768x1076.png 768w, https:\/\/protestszkolnictwa.pl\/wp-content\/uploads\/2023\/08\/pikieta-1096x1536.png 1096w\" sizes=\"(max-width: 1354px) 100vw, 1354px\" \/>\t\t\t\t\t\t\t\t\t\t\t\t\t\t\t<\/div>\n\t\t\t\t<\/div>\n\t\t\t\t\t<\/div>\n\t\t<\/div>\n\t\t\t\t\t<\/div>\n\t\t<\/section>\n\t\t\t\t<section class=\"elementor-section elementor-top-section elementor-element elementor-element-7c89da5e animated-fast elementor-section-boxed elementor-section-height-default elementor-section-height-default elementor-invisible\" data-id=\"7c89da5e\" data-element_type=\"section\" data-e-type=\"section\" data-settings=\"{&quot;background_background&quot;:&quot;classic&quot;,&quot;animation&quot;:&quot;tada&quot;}\">\n\t\t\t\t\t\t\t<div class=\"elementor-background-overlay\"><\/div>\n\t\t\t\t\t\t\t<div class=\"elementor-container elementor-column-gap-default\">\n\t\t\t\t\t<div class=\"elementor-column elementor-col-100 elementor-top-column elementor-element elementor-element-4589b8c3\" data-id=\"4589b8c3\" data-element_type=\"column\" data-e-type=\"column\">\n\t\t\t<div class=\"elementor-widget-wrap elementor-element-populated\">\n\t\t\t\t\t\t<div class=\"elementor-element elementor-element-9d1aa2c elementor-widget elementor-widget-heading\" data-id=\"9d1aa2c\" data-element_type=\"widget\" data-e-type=\"widget\" data-widget_type=\"heading.default\">\n\t\t\t\t<div class=\"elementor-widget-container\">\n\t\t\t\t\t<h2 class=\"elementor-heading-title elementor-size-default\"><a href=\"https:\/\/www.facebook.com\/events\/1497065937384705\/?ref=newsfeed\">Miasteczko edukacyjne - panele dyskusyjne<\/a><\/h2>\t\t\t\t<\/div>\n\t\t\t\t<\/div>\n\t\t\t\t<section class=\"elementor-section elementor-inner-section elementor-element elementor-element-3ee90cd elementor-section-boxed elementor-section-height-default elementor-section-height-default\" data-id=\"3ee90cd\" data-element_type=\"section\" data-e-type=\"section\">\n\t\t\t\t\t\t<div class=\"elementor-container elementor-column-gap-default\">\n\t\t\t\t\t<div class=\"elementor-column elementor-col-33 elementor-inner-column elementor-element elementor-element-8cfee8d\" data-id=\"8cfee8d\" data-element_type=\"column\" data-e-type=\"column\">\n\t\t\t<div class=\"elementor-widget-wrap elementor-element-populated\">\n\t\t\t\t\t\t<div class=\"elementor-element elementor-element-8b4bcb1 elementor-widget elementor-widget-html\" data-id=\"8b4bcb1\" data-element_type=\"widget\" data-e-type=\"widget\" data-widget_type=\"html.default\">\n\t\t\t\t<div class=\"elementor-widget-container\">\n\t\t\t\t\t<iframe src=\"https:\/\/www.facebook.com\/plugins\/video.php?height=314&href=https%3A%2F%2Fwww.facebook.com%2Fznpedupl%2Fvideos%2F611147097335454%2F&show_text=false&width=560&t=0\" width=\"560\" height=\"314\" style=\"border:none;overflow:hidden\" scrolling=\"no\" frameborder=\"0\" allowfullscreen=\"true\" allow=\"autoplay; clipboard-write; encrypted-media; picture-in-picture; web-share\" allowFullScreen=\"true\"><\/iframe>\t\t\t\t<\/div>\n\t\t\t\t<\/div>\n\t\t\t\t\t<\/div>\n\t\t<\/div>\n\t\t\t\t<div class=\"elementor-column elementor-col-33 elementor-inner-column elementor-element elementor-element-8c937f6\" data-id=\"8c937f6\" data-element_type=\"column\" data-e-type=\"column\">\n\t\t\t<div class=\"elementor-widget-wrap elementor-element-populated\">\n\t\t\t\t\t\t<div class=\"elementor-element elementor-element-80014ef elementor-widget elementor-widget-html\" data-id=\"80014ef\" data-element_type=\"widget\" data-e-type=\"widget\" data-widget_type=\"html.default\">\n\t\t\t\t<div class=\"elementor-widget-container\">\n\t\t\t\t\t<iframe src=\"https:\/\/www.facebook.com\/plugins\/video.php?height=314&href=https%3A%2F%2Fwww.facebook.com%2Fznpedupl%2Fvideos%2F640460504266776%2F&show_text=false&width=560&t=0\" width=\"560\" height=\"314\" style=\"border:none;overflow:hidden\" scrolling=\"no\" frameborder=\"0\" allowfullscreen=\"true\" allow=\"autoplay; clipboard-write; encrypted-media; picture-in-picture; web-share\" allowFullScreen=\"true\"><\/iframe>\t\t\t\t<\/div>\n\t\t\t\t<\/div>\n\t\t\t\t\t<\/div>\n\t\t<\/div>\n\t\t\t\t<div class=\"elementor-column elementor-col-33 elementor-inner-column elementor-element elementor-element-041d0ba\" data-id=\"041d0ba\" data-element_type=\"column\" data-e-type=\"column\">\n\t\t\t<div class=\"elementor-widget-wrap elementor-element-populated\">\n\t\t\t\t\t\t<div class=\"elementor-element elementor-element-4b00445 elementor-widget elementor-widget-html\" data-id=\"4b00445\" data-element_type=\"widget\" data-e-type=\"widget\" data-widget_type=\"html.default\">\n\t\t\t\t<div class=\"elementor-widget-container\">\n\t\t\t\t\t<iframe src=\"https:\/\/www.facebook.com\/plugins\/video.php?height=314&href=https%3A%2F%2Fwww.facebook.com%2Frszwin%2Fvideos%2F3362412497329150%2F&show_text=false&width=560&t=0\" width=\"560\" height=\"314\" style=\"border:none;overflow:hidden\" scrolling=\"no\" frameborder=\"0\" allowfullscreen=\"true\" allow=\"autoplay; clipboard-write; encrypted-media; picture-in-picture; web-share\" allowFullScreen=\"true\"><\/iframe>\t\t\t\t<\/div>\n\t\t\t\t<\/div>\n\t\t\t\t\t<\/div>\n\t\t<\/div>\n\t\t\t\t\t<\/div>\n\t\t<\/section>\n\t\t\t\t\t<\/div>\n\t\t<\/div>\n\t\t\t\t\t<\/div>\n\t\t<\/section>\n\t\t\t\t<section class=\"elementor-section elementor-top-section elementor-element elementor-element-1d36279e elementor-section-content-middle elementor-section-boxed elementor-section-height-default elementor-section-height-default\" data-id=\"1d36279e\" data-element_type=\"section\" data-e-type=\"section\" data-settings=\"{&quot;background_background&quot;:&quot;classic&quot;}\">\n\t\t\t\t\t\t\t<div class=\"elementor-background-overlay\"><\/div>\n\t\t\t\t\t\t\t<div class=\"elementor-container elementor-column-gap-default\">\n\t\t\t\t\t<div class=\"elementor-column elementor-col-100 elementor-top-column elementor-element elementor-element-4dbd72 elementor-hidden-tablet elementor-hidden-mobile\" data-id=\"4dbd72\" data-element_type=\"column\" data-e-type=\"column\">\n\t\t\t<div class=\"elementor-widget-wrap elementor-element-populated\">\n\t\t\t\t\t\t<div class=\"elementor-element elementor-element-5e05d05 elementor-widget elementor-widget-image\" data-id=\"5e05d05\" data-element_type=\"widget\" data-e-type=\"widget\" data-widget_type=\"image.default\">\n\t\t\t\t<div class=\"elementor-widget-container\">\n\t\t\t\t\t\t\t\t\t\t\t\t\t\t\t<img decoding=\"async\" width=\"1349\" height=\"1900\" src=\"https:\/\/protestszkolnictwa.pl\/wp-content\/uploads\/2023\/08\/postulaty.png\" class=\"attachment-full size-full wp-image-811\" alt=\"\" srcset=\"https:\/\/protestszkolnictwa.pl\/wp-content\/uploads\/2023\/08\/postulaty.png 1349w, https:\/\/protestszkolnictwa.pl\/wp-content\/uploads\/2023\/08\/postulaty-213x300.png 213w, https:\/\/protestszkolnictwa.pl\/wp-content\/uploads\/2023\/08\/postulaty-727x1024.png 727w, https:\/\/protestszkolnictwa.pl\/wp-content\/uploads\/2023\/08\/postulaty-768x1082.png 768w, https:\/\/protestszkolnictwa.pl\/wp-content\/uploads\/2023\/08\/postulaty-1091x1536.png 1091w\" sizes=\"(max-width: 1349px) 100vw, 1349px\" \/>\t\t\t\t\t\t\t\t\t\t\t\t\t\t\t<\/div>\n\t\t\t\t<\/div>\n\t\t\t\t\t<\/div>\n\t\t<\/div>\n\t\t\t\t\t<\/div>\n\t\t<\/section>\n\t\t\t\t<section class=\"elementor-section elementor-top-section elementor-element elementor-element-6e50b2ea elementor-section-boxed elementor-section-height-default elementor-section-height-default\" data-id=\"6e50b2ea\" data-element_type=\"section\" data-e-type=\"section\">\n\t\t\t\t\t\t<div class=\"elementor-container elementor-column-gap-default\">\n\t\t\t\t\t<div class=\"elementor-column elementor-col-100 elementor-top-column elementor-element elementor-element-5ab2581a\" data-id=\"5ab2581a\" data-element_type=\"column\" data-e-type=\"column\">\n\t\t\t<div class=\"elementor-widget-wrap elementor-element-populated\">\n\t\t\t\t\t\t<div class=\"elementor-element elementor-element-a5d40ee elementor-widget elementor-widget-heading\" data-id=\"a5d40ee\" data-element_type=\"widget\" data-e-type=\"widget\" data-widget_type=\"heading.default\">\n\t\t\t\t<div class=\"elementor-widget-container\">\n\t\t\t\t\t<h2 class=\"elementor-heading-title elementor-size-default\">Projekty ustawy o zmianie ustawy<br>Prawo o szkolnictwie wy\u017cszym i nauce<\/h2>\t\t\t\t<\/div>\n\t\t\t\t<\/div>\n\t\t\t\t<section class=\"elementor-section elementor-inner-section elementor-element elementor-element-66362e0a elementor-section-boxed elementor-section-height-default elementor-section-height-default\" data-id=\"66362e0a\" data-element_type=\"section\" data-e-type=\"section\">\n\t\t\t\t\t\t<div class=\"elementor-container elementor-column-gap-default\">\n\t\t\t\t\t<div class=\"elementor-column elementor-col-33 elementor-inner-column elementor-element elementor-element-2c6e8ee7\" data-id=\"2c6e8ee7\" data-element_type=\"column\" data-e-type=\"column\">\n\t\t\t<div class=\"elementor-widget-wrap elementor-element-populated\">\n\t\t\t\t\t\t<div class=\"elementor-element elementor-element-29884d64 elementor-align-center elementor-widget elementor-widget-button\" data-id=\"29884d64\" data-element_type=\"widget\" data-e-type=\"widget\" data-widget_type=\"button.default\">\n\t\t\t\t<div class=\"elementor-widget-container\">\n\t\t\t\t\t\t\t\t\t<div class=\"elementor-button-wrapper\">\n\t\t\t\t\t<a class=\"elementor-button elementor-button-link elementor-size-sm\" href=\"https:\/\/protestszkolnictwa.pl\/wp-content\/uploads\/2023\/08\/Projekt-ustawy-o-zmianie-ustawy-Prawo-o-szkolnictwie-wyzszym-i-nauce.pdf\" target=\"_blank\">\n\t\t\t\t\t\t<span class=\"elementor-button-content-wrapper\">\n\t\t\t\t\t\t<span class=\"elementor-button-icon\">\n\t\t\t\t<i aria-hidden=\"true\" class=\"far fa-arrow-alt-circle-down\"><\/i>\t\t\t<\/span>\n\t\t\t\t\t\t\t\t\t<span class=\"elementor-button-text\">Projekt ZNP<\/span>\n\t\t\t\t\t<\/span>\n\t\t\t\t\t<\/a>\n\t\t\t\t<\/div>\n\t\t\t\t\t\t\t\t<\/div>\n\t\t\t\t<\/div>\n\t\t\t\t\t<\/div>\n\t\t<\/div>\n\t\t\t\t<div class=\"elementor-column elementor-col-33 elementor-inner-column elementor-element elementor-element-7500c9f3\" data-id=\"7500c9f3\" data-element_type=\"column\" data-e-type=\"column\">\n\t\t\t<div class=\"elementor-widget-wrap elementor-element-populated\">\n\t\t\t\t\t\t<div class=\"elementor-element elementor-element-ff35c81 elementor-align-center elementor-widget elementor-widget-button\" data-id=\"ff35c81\" data-element_type=\"widget\" data-e-type=\"widget\" data-widget_type=\"button.default\">\n\t\t\t\t<div class=\"elementor-widget-container\">\n\t\t\t\t\t\t\t\t\t<div class=\"elementor-button-wrapper\">\n\t\t\t\t\t<a class=\"elementor-button elementor-button-link elementor-size-sm\" href=\"https:\/\/protestszkolnictwa.pl\/wp-content\/uploads\/2023\/08\/Projekt-Lewicy-szkolnictwo-wyzsze.pdf\" target=\"_blank\">\n\t\t\t\t\t\t<span class=\"elementor-button-content-wrapper\">\n\t\t\t\t\t\t<span class=\"elementor-button-icon\">\n\t\t\t\t<i aria-hidden=\"true\" class=\"far fa-arrow-alt-circle-down\"><\/i>\t\t\t<\/span>\n\t\t\t\t\t\t\t\t\t<span class=\"elementor-button-text\">Projekt Lewicy<\/span>\n\t\t\t\t\t<\/span>\n\t\t\t\t\t<\/a>\n\t\t\t\t<\/div>\n\t\t\t\t\t\t\t\t<\/div>\n\t\t\t\t<\/div>\n\t\t\t\t\t<\/div>\n\t\t<\/div>\n\t\t\t\t<div class=\"elementor-column elementor-col-33 elementor-inner-column elementor-element elementor-element-dfdd9c5\" data-id=\"dfdd9c5\" data-element_type=\"column\" data-e-type=\"column\">\n\t\t\t<div class=\"elementor-widget-wrap elementor-element-populated\">\n\t\t\t\t\t\t<div class=\"elementor-element elementor-element-48626d3 elementor-align-center elementor-widget elementor-widget-button\" data-id=\"48626d3\" data-element_type=\"widget\" data-e-type=\"widget\" data-widget_type=\"button.default\">\n\t\t\t\t<div class=\"elementor-widget-container\">\n\t\t\t\t\t\t\t\t\t<div class=\"elementor-button-wrapper\">\n\t\t\t\t\t<a class=\"elementor-button elementor-button-link elementor-size-sm\" href=\"#\" target=\"_blank\">\n\t\t\t\t\t\t<span class=\"elementor-button-content-wrapper\">\n\t\t\t\t\t\t<span class=\"elementor-button-icon\">\n\t\t\t\t<i aria-hidden=\"true\" class=\"far fa-arrow-alt-circle-down\"><\/i>\t\t\t<\/span>\n\t\t\t\t\t\t\t\t\t<span class=\"elementor-button-text\">Projekt KO<\/span>\n\t\t\t\t\t<\/span>\n\t\t\t\t\t<\/a>\n\t\t\t\t<\/div>\n\t\t\t\t\t\t\t\t<\/div>\n\t\t\t\t<\/div>\n\t\t\t\t\t<\/div>\n\t\t<\/div>\n\t\t\t\t\t<\/div>\n\t\t<\/section>\n\t\t\t\t\t<\/div>\n\t\t<\/div>\n\t\t\t\t\t<\/div>\n\t\t<\/section>\n\t\t\t\t<section class=\"elementor-section elementor-top-section elementor-element elementor-element-638c9725 elementor-section-boxed elementor-section-height-default elementor-section-height-default\" data-id=\"638c9725\" data-element_type=\"section\" data-e-type=\"section\" data-settings=\"{&quot;background_background&quot;:&quot;classic&quot;}\">\n\t\t\t\t\t\t\t<div class=\"elementor-background-overlay\"><\/div>\n\t\t\t\t\t\t\t<div class=\"elementor-container elementor-column-gap-default\">\n\t\t\t\t\t<div class=\"elementor-column elementor-col-100 elementor-top-column elementor-element elementor-element-19c81674\" data-id=\"19c81674\" data-element_type=\"column\" data-e-type=\"column\">\n\t\t\t<div class=\"elementor-widget-wrap elementor-element-populated\">\n\t\t\t\t\t\t<div class=\"elementor-element elementor-element-7ab2a8e5 elementor-widget elementor-widget-heading\" data-id=\"7ab2a8e5\" data-element_type=\"widget\" data-e-type=\"widget\" data-widget_type=\"heading.default\">\n\t\t\t\t<div class=\"elementor-widget-container\">\n\t\t\t\t\t<h2 class=\"elementor-heading-title elementor-size-default\">Protestuj\u0105 z nami<\/h2>\t\t\t\t<\/div>\n\t\t\t\t<\/div>\n\t\t\t\t<div class=\"elementor-element elementor-element-60cfca7d elementor-arrows-position-inside elementor-pagination-position-outside elementor-widget elementor-widget-image-carousel\" data-id=\"60cfca7d\" data-element_type=\"widget\" data-e-type=\"widget\" data-settings=\"{&quot;navigation&quot;:&quot;both&quot;,&quot;autoplay&quot;:&quot;yes&quot;,&quot;pause_on_hover&quot;:&quot;yes&quot;,&quot;pause_on_interaction&quot;:&quot;yes&quot;,&quot;autoplay_speed&quot;:5000,&quot;infinite&quot;:&quot;yes&quot;,&quot;speed&quot;:500}\" data-widget_type=\"image-carousel.default\">\n\t\t\t\t<div class=\"elementor-widget-container\">\n\t\t\t\t\t\t\t<div class=\"elementor-image-carousel-wrapper swiper\" role=\"region\" aria-roledescription=\"carousel\" aria-label=\"Karuzela obrazk\u00f3w\" dir=\"ltr\">\n\t\t\t<div class=\"elementor-image-carousel swiper-wrapper\" aria-live=\"off\">\n\t\t\t\t\t\t\t\t<div class=\"swiper-slide\" role=\"group\" aria-roledescription=\"slide\" aria-label=\"1 z 15\"><figure class=\"swiper-slide-inner\"><img decoding=\"async\" class=\"swiper-slide-image\" src=\"https:\/\/protestszkolnictwa.pl\/wp-content\/uploads\/2021\/12\/Politechnika-Wroclawska-225x300.jpg\" alt=\"Politechnika Wroc\u0142awska\" \/><figcaption class=\"elementor-image-carousel-caption\">Politechnika Wroc\u0142awska<\/figcaption><\/figure><\/div><div class=\"swiper-slide\" role=\"group\" aria-roledescription=\"slide\" aria-label=\"2 z 15\"><figure class=\"swiper-slide-inner\"><img decoding=\"async\" class=\"swiper-slide-image\" src=\"https:\/\/protestszkolnictwa.pl\/wp-content\/uploads\/2021\/12\/Uniwersytet-Lodzki-300x225.jpg\" alt=\"Uniwersytet \u0141\u00f3dzki\" \/><figcaption class=\"elementor-image-carousel-caption\">Uniwersytet \u0141\u00f3dzki<\/figcaption><\/figure><\/div><div class=\"swiper-slide\" role=\"group\" aria-roledescription=\"slide\" aria-label=\"3 z 15\"><figure class=\"swiper-slide-inner\"><img decoding=\"async\" class=\"swiper-slide-image\" src=\"https:\/\/protestszkolnictwa.pl\/wp-content\/uploads\/2021\/12\/Zachodniopomorski-Uniwersytet-Technologiczny-w-Szczecinie-225x300.jpg\" alt=\"Zachodniopomorski Uniwersytet Technologiczny w Szczecinie\" \/><figcaption class=\"elementor-image-carousel-caption\">Zachodniopomorski Uniwersytet Technologiczny w Szczecinie<\/figcaption><\/figure><\/div><div class=\"swiper-slide\" role=\"group\" aria-roledescription=\"slide\" aria-label=\"4 z 15\"><figure class=\"swiper-slide-inner\"><img decoding=\"async\" class=\"swiper-slide-image\" src=\"https:\/\/protestszkolnictwa.pl\/wp-content\/uploads\/2021\/12\/Uniwersytet-Warminsko-Mazurski-w-Olsztynie-300x160.png\" alt=\"Uniwersytet Warmi\u0144sko-Mazurski w Olsztynie\" \/><figcaption class=\"elementor-image-carousel-caption\">Uniwersytet Warmi\u0144sko-Mazurski w Olsztynie<\/figcaption><\/figure><\/div><div class=\"swiper-slide\" role=\"group\" aria-roledescription=\"slide\" aria-label=\"5 z 15\"><figure class=\"swiper-slide-inner\"><img decoding=\"async\" class=\"swiper-slide-image\" src=\"https:\/\/protestszkolnictwa.pl\/wp-content\/uploads\/2021\/12\/Uniwersytet-Ekonomiczny-we-Wroclawiu-225x300.jpg\" alt=\"Uniwersytet Ekonomiczny we Wroc\u0142awiu\" \/><figcaption class=\"elementor-image-carousel-caption\">Uniwersytet Ekonomiczny we Wroc\u0142awiu<\/figcaption><\/figure><\/div><div class=\"swiper-slide\" role=\"group\" aria-roledescription=\"slide\" aria-label=\"6 z 15\"><figure class=\"swiper-slide-inner\"><img decoding=\"async\" class=\"swiper-slide-image\" src=\"https:\/\/protestszkolnictwa.pl\/wp-content\/uploads\/2021\/12\/Politechnika-Rzeszowska-300x135.jpg\" alt=\"Politechnika Rzeszowska\" \/><figcaption class=\"elementor-image-carousel-caption\">Politechnika Rzeszowska<\/figcaption><\/figure><\/div><div class=\"swiper-slide\" role=\"group\" aria-roledescription=\"slide\" aria-label=\"7 z 15\"><figure class=\"swiper-slide-inner\"><img decoding=\"async\" class=\"swiper-slide-image\" src=\"https:\/\/protestszkolnictwa.pl\/wp-content\/uploads\/2021\/12\/Uniwersytetm-Adama-Mickiewicza-w-Poznaniu-300x169.jpg\" alt=\"Uniwersytet Adama Mickiewicza w Poznaniu\" \/><figcaption class=\"elementor-image-carousel-caption\">Uniwersytet Adama Mickiewicza w Poznaniu<\/figcaption><\/figure><\/div><div class=\"swiper-slide\" role=\"group\" aria-roledescription=\"slide\" aria-label=\"8 z 15\"><figure class=\"swiper-slide-inner\"><img decoding=\"async\" class=\"swiper-slide-image\" src=\"https:\/\/protestszkolnictwa.pl\/wp-content\/uploads\/2021\/12\/Akademia-Techniczno-Humanistyczna-w-Bielsku-Bialej-300x225.jpg\" alt=\"Akademia Techniczno-Humanistyczna w Bielsku-Bia\u0142ej\" \/><figcaption class=\"elementor-image-carousel-caption\">Akademia Techniczno-Humanistyczna w Bielsku-Bia\u0142ej<\/figcaption><\/figure><\/div><div class=\"swiper-slide\" role=\"group\" aria-roledescription=\"slide\" aria-label=\"9 z 15\"><figure class=\"swiper-slide-inner\"><img decoding=\"async\" class=\"swiper-slide-image\" src=\"https:\/\/protestszkolnictwa.pl\/wp-content\/uploads\/2021\/12\/AWF-Biala-Podlaska-300x225.jpg\" alt=\"AWF Bia\u0142a Podlaska\" \/><figcaption class=\"elementor-image-carousel-caption\">AWF Bia\u0142a Podlaska<\/figcaption><\/figure><\/div><div class=\"swiper-slide\" role=\"group\" aria-roledescription=\"slide\" aria-label=\"10 z 15\"><figure class=\"swiper-slide-inner\"><img decoding=\"async\" class=\"swiper-slide-image\" src=\"https:\/\/protestszkolnictwa.pl\/wp-content\/uploads\/2021\/12\/SGGW-w-Warszawie-225x300.jpg\" alt=\"SGGW w Warszawie\" \/><figcaption class=\"elementor-image-carousel-caption\">SGGW w Warszawie<\/figcaption><\/figure><\/div><div class=\"swiper-slide\" role=\"group\" aria-roledescription=\"slide\" aria-label=\"11 z 15\"><figure class=\"swiper-slide-inner\"><img decoding=\"async\" class=\"swiper-slide-image\" src=\"https:\/\/protestszkolnictwa.pl\/wp-content\/uploads\/2021\/12\/UMCS-w-Lublinie-300x225.jpg\" alt=\"UMCS w Lublinie\" \/><figcaption class=\"elementor-image-carousel-caption\">UMCS w Lublinie<\/figcaption><\/figure><\/div><div class=\"swiper-slide\" role=\"group\" aria-roledescription=\"slide\" aria-label=\"12 z 15\"><figure class=\"swiper-slide-inner\"><img decoding=\"async\" class=\"swiper-slide-image\" src=\"https:\/\/protestszkolnictwa.pl\/wp-content\/uploads\/2021\/12\/Uniwersytet-Opolski-225x300.jpg\" alt=\"Uniwersytet Opolski\" \/><figcaption class=\"elementor-image-carousel-caption\">Uniwersytet Opolski<\/figcaption><\/figure><\/div><div class=\"swiper-slide\" role=\"group\" aria-roledescription=\"slide\" aria-label=\"13 z 15\"><figure class=\"swiper-slide-inner\"><img decoding=\"async\" class=\"swiper-slide-image\" src=\"https:\/\/protestszkolnictwa.pl\/wp-content\/uploads\/2021\/12\/Uniwersytet-Slaski-w-Katowicach-300x169.jpg\" alt=\"Uniwersytet \u015al\u0105ski w Katowicach\" \/><figcaption class=\"elementor-image-carousel-caption\">Uniwersytet \u015al\u0105ski w Katowicach<\/figcaption><\/figure><\/div><div class=\"swiper-slide\" role=\"group\" aria-roledescription=\"slide\" aria-label=\"14 z 15\"><figure class=\"swiper-slide-inner\"><img decoding=\"async\" class=\"swiper-slide-image\" src=\"https:\/\/protestszkolnictwa.pl\/wp-content\/uploads\/2021\/12\/Uniwersytet-Technologiczno-Humanistyczny-w-Radomiu-300x225.jpg\" alt=\"Uniwersytet Technologiczno-Humanistyczny w Radomiu\" \/><figcaption class=\"elementor-image-carousel-caption\">Uniwersytet Technologiczno-Humanistyczny w Radomiu<\/figcaption><\/figure><\/div><div class=\"swiper-slide\" role=\"group\" aria-roledescription=\"slide\" aria-label=\"15 z 15\"><figure class=\"swiper-slide-inner\"><img decoding=\"async\" class=\"swiper-slide-image\" src=\"https:\/\/protestszkolnictwa.pl\/wp-content\/uploads\/2021\/12\/slaski-uniwersytet-medyczny-139x300.jpg\" alt=\"\u015al\u0105ski Uniwersytet Medyczny w Katowicach\" \/><figcaption class=\"elementor-image-carousel-caption\">\u015al\u0105ski Uniwersytet Medyczny w Katowicach<\/figcaption><\/figure><\/div>\t\t\t<\/div>\n\t\t\t\t\t\t\t\t\t\t\t\t<div class=\"elementor-swiper-button elementor-swiper-button-prev\" role=\"button\" tabindex=\"0\">\n\t\t\t\t\t\t<i aria-hidden=\"true\" class=\"eicon-chevron-left\"><\/i>\t\t\t\t\t<\/div>\n\t\t\t\t\t<div class=\"elementor-swiper-button elementor-swiper-button-next\" role=\"button\" tabindex=\"0\">\n\t\t\t\t\t\t<i aria-hidden=\"true\" class=\"eicon-chevron-right\"><\/i>\t\t\t\t\t<\/div>\n\t\t\t\t\n\t\t\t\t\t\t\t\t\t<div class=\"swiper-pagination\"><\/div>\n\t\t\t\t\t\t\t\t\t<\/div>\n\t\t\t\t\t\t<\/div>\n\t\t\t\t<\/div>\n\t\t\t\t\t<\/div>\n\t\t<\/div>\n\t\t\t\t\t<\/div>\n\t\t<\/section>\n\t\t\t\t<section class=\"elementor-section elementor-top-section elementor-element elementor-element-60e14276 elementor-section-content-middle elementor-section-boxed elementor-section-height-default elementor-section-height-default\" data-id=\"60e14276\" data-element_type=\"section\" data-e-type=\"section\" data-settings=\"{&quot;background_background&quot;:&quot;classic&quot;}\">\n\t\t\t\t\t\t\t<div class=\"elementor-background-overlay\"><\/div>\n\t\t\t\t\t\t\t<div class=\"elementor-container elementor-column-gap-no\">\n\t\t\t\t\t<div class=\"elementor-column elementor-col-50 elementor-top-column elementor-element elementor-element-58d7f629\" data-id=\"58d7f629\" data-element_type=\"column\" data-e-type=\"column\">\n\t\t\t<div class=\"elementor-widget-wrap elementor-element-populated\">\n\t\t\t\t\t\t<div class=\"elementor-element elementor-element-3556fde elementor-widget elementor-widget-heading\" data-id=\"3556fde\" data-element_type=\"widget\" data-e-type=\"widget\" data-widget_type=\"heading.default\">\n\t\t\t\t<div class=\"elementor-widget-container\">\n\t\t\t\t\t<h3 class=\"elementor-heading-title elementor-size-default\">Liczba uczelni, z kt\u00f3rych organizacje zwi\u0105zkowe do\u0142\u0105czy\u0142y do protestu:<\/h3>\t\t\t\t<\/div>\n\t\t\t\t<\/div>\n\t\t\t\t\t<\/div>\n\t\t<\/div>\n\t\t\t\t<div class=\"elementor-column elementor-col-50 elementor-top-column elementor-element elementor-element-423d4fe2\" data-id=\"423d4fe2\" data-element_type=\"column\" data-e-type=\"column\">\n\t\t\t<div class=\"elementor-widget-wrap elementor-element-populated\">\n\t\t\t\t\t\t<div class=\"elementor-element elementor-element-3e77c4f5 elementor-widget elementor-widget-counter\" data-id=\"3e77c4f5\" data-element_type=\"widget\" data-e-type=\"widget\" data-widget_type=\"counter.default\">\n\t\t\t\t<div class=\"elementor-widget-container\">\n\t\t\t\t\t\t\t<div class=\"elementor-counter\">\n\t\t\t\t\t\t<div class=\"elementor-counter-number-wrapper\">\n\t\t\t\t<span class=\"elementor-counter-number-prefix\"><\/span>\n\t\t\t\t<span class=\"elementor-counter-number\" data-duration=\"2000\" data-to-value=\"44\" data-from-value=\"0\" data-delimiter=\",\">0<\/span>\n\t\t\t\t<span class=\"elementor-counter-number-suffix\"><\/span>\n\t\t\t<\/div>\n\t\t<\/div>\n\t\t\t\t\t\t<\/div>\n\t\t\t\t<\/div>\n\t\t\t\t\t<\/div>\n\t\t<\/div>\n\t\t\t\t\t<\/div>\n\t\t<\/section>\n\t\t\t\t<section class=\"elementor-section elementor-top-section elementor-element elementor-element-5e116d27 elementor-section-boxed elementor-section-height-default elementor-section-height-default\" data-id=\"5e116d27\" data-element_type=\"section\" data-e-type=\"section\" data-settings=\"{&quot;background_background&quot;:&quot;classic&quot;}\">\n\t\t\t\t\t\t\t<div class=\"elementor-background-overlay\"><\/div>\n\t\t\t\t\t\t\t<div class=\"elementor-container elementor-column-gap-default\">\n\t\t\t\t\t<div class=\"elementor-column elementor-col-100 elementor-top-column elementor-element elementor-element-1f4ec6e1 animated-fast elementor-invisible\" data-id=\"1f4ec6e1\" data-element_type=\"column\" data-e-type=\"column\" data-settings=\"{&quot;animation&quot;:&quot;bounceInDown&quot;,&quot;animation_delay&quot;:100}\">\n\t\t\t<div class=\"elementor-widget-wrap elementor-element-populated\">\n\t\t\t\t\t\t<div class=\"elementor-element elementor-element-7de9944c elementor-widget elementor-widget-text-editor\" data-id=\"7de9944c\" data-element_type=\"widget\" data-e-type=\"widget\" data-widget_type=\"text-editor.default\">\n\t\t\t\t<div class=\"elementor-widget-container\">\n\t\t\t\t\t\t\t\t\t<ul><li>Akademia G\u00f3rniczo-Hutnicza w Krakowie<\/li><li>Akademia Muzyczna im. K. Szymanowskiego w Katowicach<\/li><li>Akademia Pedagogiki Specjalnej im. Marii Grzegorzewskiej w Warszawie<\/li><li>Akademia Techniczno-Humanistyczna w Bielsku-Bia\u0142ej<\/li><li>AWF im. Eugeniusza Piaseckiego w Poznaniu<\/li><li>Filia AWF w Bia\u0142ej Podlaskiej<\/li><li>Instytut Immunologii i Terapii Do\u015bwiadczalnej PAN we Wroc\u0142awiu<\/li><li>Narodowe Centrum Bada\u0144 J\u0105drowych<\/li><li>Politechnika Cz\u0119stochowska<\/li><li>Politechnika Krakowska<\/li><li>Politechnika \u0141\u00f3dzka<\/li><li>Politechnika Pozna\u0144ska<\/li><li>Politechnika Rzeszowska<\/li><li>Politechnika \u015al\u0105ska<\/li><li>Politechnika \u015awi\u0119tokrzyska<\/li><li>Politechnika Warszawska<\/li><li>Politechnika Wroc\u0142awska<\/li><li>SGGW w Warszawie<\/li><li>\u015al\u0105ski Uniwersytet Medyczny w Katowicach<\/li><li>Uniwersytet im. Adama Mickiewicza w Poznaniu<\/li><li>Uniwersytet w Bia\u0142ymstoku<\/li><li>Uniwersytet Ekonomiczny w Katowicach<\/li><li>Uniwersytet Ekonomiczny w Krakowie<\/li><li>Uniwersytet Ekonomiczny we Wroc\u0142awiu<\/li><li>Uniwersytet Humanistyczno-Przyrodniczy im. Jana D\u0142ugosza w Cz\u0119stochowie<\/li><li>Uniwersytet Jagiello\u0144ski w Krakowie<\/li><li>Uniwersytet Jana Kochanowskiego w Kielcach<\/li><li>Uniwersytet Kazimierza Wielkiego w Bydgoszczy<\/li><li>Uniwersytet \u0141\u00f3dzki<\/li><li>Uniwersytet M. Curie-Sk\u0142odowskiej w Lublinie<\/li><li>Uniwersytet Miko\u0142aja Kopernika w Toruniu<\/li><li>Uniwersytet Opolski<\/li><li>Uniwersytet Przyrodniczy w Poznaniu<\/li><li>Uniwersytet Przyrodniczego we Wroc\u0142awiu<\/li><li>Uniwersytet Rzeszowski<\/li><li>Uniwersytet Szczeci\u0144ski<\/li><li>Uniwersytet \u015al\u0105ski w Katowicach<\/li><li>Uniwersytet Technologiczno-Humanistyczny w Radomiu<\/li><li>Uniwersytet Technologiczno-Przyrodniczy w Bydgoszczy<\/li><li>Uniwersytet Warmi\u0144sko-Mazurski w Olsztynie<\/li><li>Uniwersytet Warszawski<\/li><li>Uniwersytet Wroc\u0142awski<\/li><li>Uniwersytet Zielonog\u00f3rski<\/li><li>Zachodniopomorski Uniwersytet Technologiczny w Szczecinie<\/li><\/ul>\t\t\t\t\t\t\t\t<\/div>\n\t\t\t\t<\/div>\n\t\t\t\t\t<\/div>\n\t\t<\/div>\n\t\t\t\t\t<\/div>\n\t\t<\/section>\n\t\t\t\t<section class=\"elementor-section elementor-top-section elementor-element elementor-element-74d7cceb animated-fast elementor-section-full_width elementor-section-height-default elementor-section-height-default\" data-id=\"74d7cceb\" data-element_type=\"section\" data-e-type=\"section\" data-settings=\"{&quot;background_background&quot;:&quot;classic&quot;,&quot;animation&quot;:&quot;none&quot;}\">\n\t\t\t\t\t\t\t<div class=\"elementor-background-overlay\"><\/div>\n\t\t\t\t\t\t\t<div class=\"elementor-container elementor-column-gap-default\">\n\t\t\t\t\t<div class=\"elementor-column elementor-col-100 elementor-top-column elementor-element elementor-element-1d7670c3\" data-id=\"1d7670c3\" data-element_type=\"column\" data-e-type=\"column\">\n\t\t\t<div class=\"elementor-widget-wrap elementor-element-populated\">\n\t\t\t\t\t\t<div class=\"elementor-element elementor-element-3aa260bc elementor-widget__width-initial elementor-widget elementor-widget-image\" data-id=\"3aa260bc\" data-element_type=\"widget\" data-e-type=\"widget\" data-widget_type=\"image.default\">\n\t\t\t\t<div class=\"elementor-widget-container\">\n\t\t\t\t\t\t\t\t\t\t\t\t\t\t\t<img decoding=\"async\" width=\"2400\" height=\"1800\" src=\"https:\/\/protestszkolnictwa.pl\/wp-content\/uploads\/2021\/12\/protest-w-obiektywie_web.png\" class=\"attachment-full size-full wp-image-678\" alt=\"\" srcset=\"https:\/\/protestszkolnictwa.pl\/wp-content\/uploads\/2021\/12\/protest-w-obiektywie_web.png 2400w, https:\/\/protestszkolnictwa.pl\/wp-content\/uploads\/2021\/12\/protest-w-obiektywie_web-300x225.png 300w, https:\/\/protestszkolnictwa.pl\/wp-content\/uploads\/2021\/12\/protest-w-obiektywie_web-1024x768.png 1024w, https:\/\/protestszkolnictwa.pl\/wp-content\/uploads\/2021\/12\/protest-w-obiektywie_web-768x576.png 768w, https:\/\/protestszkolnictwa.pl\/wp-content\/uploads\/2021\/12\/protest-w-obiektywie_web-1536x1152.png 1536w, https:\/\/protestszkolnictwa.pl\/wp-content\/uploads\/2021\/12\/protest-w-obiektywie_web-2048x1536.png 2048w\" sizes=\"(max-width: 2400px) 100vw, 2400px\" \/>\t\t\t\t\t\t\t\t\t\t\t\t\t\t\t<\/div>\n\t\t\t\t<\/div>\n\t\t\t\t\t<\/div>\n\t\t<\/div>\n\t\t\t\t\t<\/div>\n\t\t<\/section>\n\t\t\t\t<section class=\"elementor-section elementor-top-section elementor-element elementor-element-92c45c elementor-section-boxed elementor-section-height-default elementor-section-height-default\" data-id=\"92c45c\" data-element_type=\"section\" data-e-type=\"section\" data-settings=\"{&quot;background_background&quot;:&quot;classic&quot;}\">\n\t\t\t\t\t\t<div class=\"elementor-container elementor-column-gap-default\">\n\t\t\t\t\t<div class=\"elementor-column elementor-col-100 elementor-top-column elementor-element elementor-element-1528d71b\" data-id=\"1528d71b\" data-element_type=\"column\" data-e-type=\"column\">\n\t\t\t<div class=\"elementor-widget-wrap elementor-element-populated\">\n\t\t\t\t\t\t<div class=\"elementor-element elementor-element-2dc548d4 elementor-widget elementor-widget-heading\" data-id=\"2dc548d4\" data-element_type=\"widget\" data-e-type=\"widget\" data-widget_type=\"heading.default\">\n\t\t\t\t<div class=\"elementor-widget-container\">\n\t\t\t\t\t<h2 class=\"elementor-heading-title elementor-size-default\">Aktualno\u015bci<\/h2>\t\t\t\t<\/div>\n\t\t\t\t<\/div>\n\t\t\t\t<div class=\"elementor-element elementor-element-1861e73b elementor-widget elementor-widget-toggle\" data-id=\"1861e73b\" data-element_type=\"widget\" data-e-type=\"widget\" data-widget_type=\"toggle.default\">\n\t\t\t\t<div class=\"elementor-widget-container\">\n\t\t\t\t\t\t\t<div class=\"elementor-toggle\">\n\t\t\t\t\t\t\t<div class=\"elementor-toggle-item\">\n\t\t\t\t\t<div id=\"elementor-tab-title-4091\" class=\"elementor-tab-title\" data-tab=\"1\" role=\"button\" aria-controls=\"elementor-tab-content-4091\" aria-expanded=\"false\">\n\t\t\t\t\t\t\t\t\t\t\t\t<span class=\"elementor-toggle-icon elementor-toggle-icon-left\" aria-hidden=\"true\">\n\t\t\t\t\t\t\t\t\t\t\t\t\t\t\t<span class=\"elementor-toggle-icon-closed\"><i class=\"fas fa-caret-down\"><\/i><\/span>\n\t\t\t\t\t\t\t\t<span class=\"elementor-toggle-icon-opened\"><i class=\"elementor-toggle-icon-opened fas fa-caret-up\"><\/i><\/span>\n\t\t\t\t\t\t\t\t\t\t\t\t\t<\/span>\n\t\t\t\t\t\t\t\t\t\t\t\t<a class=\"elementor-toggle-title\" tabindex=\"0\"> Do\u015b\u0107 g\u0142odu na uczelniach! My te\u017c idziemy na pikiet\u0119!<\/a>\n\t\t\t\t\t<\/div>\n\n\t\t\t\t\t<div id=\"elementor-tab-content-4091\" class=\"elementor-tab-content elementor-clearfix\" data-tab=\"1\" role=\"region\" aria-labelledby=\"elementor-tab-title-4091\"><p><b>Miejsce: Warszawa, MEiN, al. Szucha 25<br \/><\/b><b>Kiedy: 1.09.2023, godzina 12:00<\/b><\/p><p><span style=\"font-weight: 400;\">\ud83c\udf93<\/span><span style=\"font-weight: 400;\"> 1 wrze\u015bnia b\u0119dziemy protestowa\u0107 w obronie godnych warunk\u00f3w pracy na polskich uczelniach i w plac\u00f3wkach badawczych.<\/span><\/p><p><span style=\"font-weight: 400;\">\ud83d\udcb0<\/span><span style=\"font-weight: 400;\"> Mamy rekordowo wysok\u0105 inflacj\u0119 i rekordowo niskie pensje.<\/span><\/p><p><span style=\"font-weight: 400;\">Kszta\u0142cimy kadry, kt\u00f3re przyczyniaj\u0105 si\u0119 do rozwoju kraju, tymczasem uczelniom grozi zapa\u015b\u0107 kadrowa, bo niskie wynagrodzenia (5 z\u0142 powy\u017cej minimalnej krajowej) nie przyci\u0105gaj\u0105 m\u0142odych zdolnych ludzi do pracy w zawodzie naukowca.<\/span><\/p><p><span style=\"font-weight: 400;\">Zale\u017cy nam na naszych studentach i studentkach wiemy, \u017ce edukacja jest najwa\u017cniejsza, bo dzi\u0119ki niej zmienia si\u0119 \u015bwiat <\/span><span style=\"font-weight: 400;\">\ud83c\udf0e<\/span><\/p><p><span style=\"font-weight: 400;\">Domagamy si\u0119:<\/span><\/p><p><span style=\"font-weight: 400;\">\ud83d\udd34<\/span><span style=\"font-weight: 400;\"> zwi\u0119kszenia wynagrodzenia pracownik\u00f3w szkolnictwa wy\u017cszego i nauki co najmniej o 20% w 2023 roku\u00a0<\/span><\/p><p><span style=\"font-weight: 400;\">\ud83d\udd34<\/span><span style=\"font-weight: 400;\"> gwarancji wynagrodzenia profesora na poziomie dwukrotno\u015bci przeci\u0119tnego wynagrodzenia miesi\u0119cznego w gospodarce narodowej<\/span><\/p><p><span style=\"font-weight: 400;\">\ud83d\udd34<\/span><span style=\"font-weight: 400;\"> ustawowego powi\u0105zania wynagrodze\u0144 zasadniczych pracownik\u00f3w nieb\u0119d\u0105cych nauczycielami akademickimi z wynagrodzeniami zasadniczymi nauczycieli akademickich<\/span><\/p><p><span style=\"font-weight: 400;\">\ud83d\udd34<\/span><span style=\"font-weight: 400;\"> zwi\u0119kszenia nak\u0142ad\u00f3w finansowych na szkolnictwo wy\u017csze od 2023 roku\u00a0<\/span><\/p><p><span style=\"font-weight: 400;\">Do zobaczenia na pikiecie 1 wrze\u015bnia <\/span><span style=\"font-weight: 400;\">\ud83d\udc4b<\/span><\/p><\/div>\n\t\t\t\t<\/div>\n\t\t\t\t\t\t\t<div class=\"elementor-toggle-item\">\n\t\t\t\t\t<div id=\"elementor-tab-title-4092\" class=\"elementor-tab-title\" data-tab=\"2\" role=\"button\" aria-controls=\"elementor-tab-content-4092\" aria-expanded=\"false\">\n\t\t\t\t\t\t\t\t\t\t\t\t<span class=\"elementor-toggle-icon elementor-toggle-icon-left\" aria-hidden=\"true\">\n\t\t\t\t\t\t\t\t\t\t\t\t\t\t\t<span class=\"elementor-toggle-icon-closed\"><i class=\"fas fa-caret-down\"><\/i><\/span>\n\t\t\t\t\t\t\t\t<span class=\"elementor-toggle-icon-opened\"><i class=\"elementor-toggle-icon-opened fas fa-caret-up\"><\/i><\/span>\n\t\t\t\t\t\t\t\t\t\t\t\t\t<\/span>\n\t\t\t\t\t\t\t\t\t\t\t\t<a class=\"elementor-toggle-title\" tabindex=\"0\">Komunikat w sprawie kontynuacji akcji protestacyjnej RSzWiN ZNP w roku 2023<\/a>\n\t\t\t\t\t<\/div>\n\n\t\t\t\t\t<div id=\"elementor-tab-content-4092\" class=\"elementor-tab-content elementor-clearfix\" data-tab=\"2\" role=\"region\" aria-labelledby=\"elementor-tab-title-4092\"><p><a href=\"https:\/\/protestszkolnictwa.pl\/wp-content\/uploads\/2023\/01\/Komunikat-w-sprawie-kontynuacji-akcji-protestacyjnej-RSzWiN-ZNP-w-roku-2023.pdf\" target=\"_blank\" rel=\"noopener\">Pobierz \u00bb<\/a><\/p><\/div>\n\t\t\t\t<\/div>\n\t\t\t\t\t\t\t<div class=\"elementor-toggle-item\">\n\t\t\t\t\t<div id=\"elementor-tab-title-4093\" class=\"elementor-tab-title\" data-tab=\"3\" role=\"button\" aria-controls=\"elementor-tab-content-4093\" aria-expanded=\"false\">\n\t\t\t\t\t\t\t\t\t\t\t\t<span class=\"elementor-toggle-icon elementor-toggle-icon-left\" aria-hidden=\"true\">\n\t\t\t\t\t\t\t\t\t\t\t\t\t\t\t<span class=\"elementor-toggle-icon-closed\"><i class=\"fas fa-caret-down\"><\/i><\/span>\n\t\t\t\t\t\t\t\t<span class=\"elementor-toggle-icon-opened\"><i class=\"elementor-toggle-icon-opened fas fa-caret-up\"><\/i><\/span>\n\t\t\t\t\t\t\t\t\t\t\t\t\t<\/span>\n\t\t\t\t\t\t\t\t\t\t\t\t<a class=\"elementor-toggle-title\" tabindex=\"0\">Kilka groszy ponad p\u0142ac\u0119 minimaln\u0105. Zwi\u0105zkowcy z uczelni pisz\u0105 do pos\u0142\u00f3w<\/a>\n\t\t\t\t\t<\/div>\n\n\t\t\t\t\t<div id=\"elementor-tab-content-4093\" class=\"elementor-tab-content elementor-clearfix\" data-tab=\"3\" role=\"region\" aria-labelledby=\"elementor-tab-title-4093\"><p><a href=\"https:\/\/wydarzenia.interia.pl\/kraj\/news-kilka-groszy-ponad-place-minimalna-zwiazkowcy-z-uczelni-pisz,nId,6373994\" target=\"_blank\" rel=\"noopener\">Czytaj wi\u0119cej \u00bb<\/a><\/p><\/div>\n\t\t\t\t<\/div>\n\t\t\t\t\t\t\t<div class=\"elementor-toggle-item\">\n\t\t\t\t\t<div id=\"elementor-tab-title-4094\" class=\"elementor-tab-title\" data-tab=\"4\" role=\"button\" aria-controls=\"elementor-tab-content-4094\" aria-expanded=\"false\">\n\t\t\t\t\t\t\t\t\t\t\t\t<span class=\"elementor-toggle-icon elementor-toggle-icon-left\" aria-hidden=\"true\">\n\t\t\t\t\t\t\t\t\t\t\t\t\t\t\t<span class=\"elementor-toggle-icon-closed\"><i class=\"fas fa-caret-down\"><\/i><\/span>\n\t\t\t\t\t\t\t\t<span class=\"elementor-toggle-icon-opened\"><i class=\"elementor-toggle-icon-opened fas fa-caret-up\"><\/i><\/span>\n\t\t\t\t\t\t\t\t\t\t\t\t\t<\/span>\n\t\t\t\t\t\t\t\t\t\t\t\t<a class=\"elementor-toggle-title\" tabindex=\"0\">Wynagrodzenia na uczelniach nie nad\u0105\u017caj\u0105 za p\u0142ac\u0105 minimaln\u0105 i obietnicami MEiN<\/a>\n\t\t\t\t\t<\/div>\n\n\t\t\t\t\t<div id=\"elementor-tab-content-4094\" class=\"elementor-tab-content elementor-clearfix\" data-tab=\"4\" role=\"region\" aria-labelledby=\"elementor-tab-title-4094\"><p><a href=\"https:\/\/glos.pl\/manifestacja-znp-i-nauczycieli-pod-gmachem-mein-dosc-oszczedzania-na-oswiacie-dosc-nauczycielskiej-biedy\" target=\"_blank\" rel=\"noopener\">Czytaj wi\u0119cej \u00bb<\/a><\/p><\/div>\n\t\t\t\t<\/div>\n\t\t\t\t\t\t\t<div class=\"elementor-toggle-item\">\n\t\t\t\t\t<div id=\"elementor-tab-title-4095\" class=\"elementor-tab-title\" data-tab=\"5\" role=\"button\" aria-controls=\"elementor-tab-content-4095\" aria-expanded=\"false\">\n\t\t\t\t\t\t\t\t\t\t\t\t<span class=\"elementor-toggle-icon elementor-toggle-icon-left\" aria-hidden=\"true\">\n\t\t\t\t\t\t\t\t\t\t\t\t\t\t\t<span class=\"elementor-toggle-icon-closed\"><i class=\"fas fa-caret-down\"><\/i><\/span>\n\t\t\t\t\t\t\t\t<span class=\"elementor-toggle-icon-opened\"><i class=\"elementor-toggle-icon-opened fas fa-caret-up\"><\/i><\/span>\n\t\t\t\t\t\t\t\t\t\t\t\t\t<\/span>\n\t\t\t\t\t\t\t\t\t\t\t\t<a class=\"elementor-toggle-title\" tabindex=\"0\">Manifestacja ZNP przed gmachem MEiN. \u201eDo\u015b\u0107 oszcz\u0119dzania na o\u015bwiacie! Do\u015b\u0107 nauczycielskiej biedy!\u201d<\/a>\n\t\t\t\t\t<\/div>\n\n\t\t\t\t\t<div id=\"elementor-tab-content-4095\" class=\"elementor-tab-content elementor-clearfix\" data-tab=\"5\" role=\"region\" aria-labelledby=\"elementor-tab-title-4095\"><p><a href=\"https:\/\/glos.pl\/manifestacja-znp-i-nauczycieli-pod-gmachem-mein-dosc-oszczedzania-na-oswiacie-dosc-nauczycielskiej-biedy\" target=\"_blank\" rel=\"noopener\">Czytaj wi\u0119cej \u00bb<\/a><\/p><\/div>\n\t\t\t\t<\/div>\n\t\t\t\t\t\t\t<div class=\"elementor-toggle-item\">\n\t\t\t\t\t<div id=\"elementor-tab-title-4096\" class=\"elementor-tab-title\" data-tab=\"6\" role=\"button\" aria-controls=\"elementor-tab-content-4096\" aria-expanded=\"false\">\n\t\t\t\t\t\t\t\t\t\t\t\t<span class=\"elementor-toggle-icon elementor-toggle-icon-left\" aria-hidden=\"true\">\n\t\t\t\t\t\t\t\t\t\t\t\t\t\t\t<span class=\"elementor-toggle-icon-closed\"><i class=\"fas fa-caret-down\"><\/i><\/span>\n\t\t\t\t\t\t\t\t<span class=\"elementor-toggle-icon-opened\"><i class=\"elementor-toggle-icon-opened fas fa-caret-up\"><\/i><\/span>\n\t\t\t\t\t\t\t\t\t\t\t\t\t<\/span>\n\t\t\t\t\t\t\t\t\t\t\t\t<a class=\"elementor-toggle-title\" tabindex=\"0\">Miasteczko edukacyjne, dzie\u0144 4. Tematy: dost\u0119pno\u015b\u0107 uczelni, pracownicy szk\u00f3\u0142 wy\u017cszych<\/a>\n\t\t\t\t\t<\/div>\n\n\t\t\t\t\t<div id=\"elementor-tab-content-4096\" class=\"elementor-tab-content elementor-clearfix\" data-tab=\"6\" role=\"region\" aria-labelledby=\"elementor-tab-title-4096\"><p><a href=\"https:\/\/glos.pl\/miasteczko-edukacyjne-dzien-4-tematy-dostepnosc-uczelni-pracownicy-szkol-wyzszych\" target=\"_blank\" rel=\"noopener\">Czytaj wi\u0119cej \u00bb<\/a><\/p><\/div>\n\t\t\t\t<\/div>\n\t\t\t\t\t\t\t<div class=\"elementor-toggle-item\">\n\t\t\t\t\t<div id=\"elementor-tab-title-4097\" class=\"elementor-tab-title\" data-tab=\"7\" role=\"button\" aria-controls=\"elementor-tab-content-4097\" aria-expanded=\"false\">\n\t\t\t\t\t\t\t\t\t\t\t\t<span class=\"elementor-toggle-icon elementor-toggle-icon-left\" aria-hidden=\"true\">\n\t\t\t\t\t\t\t\t\t\t\t\t\t\t\t<span class=\"elementor-toggle-icon-closed\"><i class=\"fas fa-caret-down\"><\/i><\/span>\n\t\t\t\t\t\t\t\t<span class=\"elementor-toggle-icon-opened\"><i class=\"elementor-toggle-icon-opened fas fa-caret-up\"><\/i><\/span>\n\t\t\t\t\t\t\t\t\t\t\t\t\t<\/span>\n\t\t\t\t\t\t\t\t\t\t\t\t<a class=\"elementor-toggle-title\" tabindex=\"0\">Miasteczko edukacyjne. Inflacja zamyka laboratoria, korporacje i banki przechwytuj\u0105 zdolnych naukowc\u00f3w<\/a>\n\t\t\t\t\t<\/div>\n\n\t\t\t\t\t<div id=\"elementor-tab-content-4097\" class=\"elementor-tab-content elementor-clearfix\" data-tab=\"7\" role=\"region\" aria-labelledby=\"elementor-tab-title-4097\"><p><a href=\"https:\/\/glos.pl\/miasteczko-edukacyjne-inflacja-zamyka-laboratoria-korporacje-i-banki-przechwytuja-zdolnych-naukowcow\" target=\"_blank\" rel=\"noopener\">Czytaj wi\u0119cej \u00bb<\/a><\/p><\/div>\n\t\t\t\t<\/div>\n\t\t\t\t\t\t\t<div class=\"elementor-toggle-item\">\n\t\t\t\t\t<div id=\"elementor-tab-title-4098\" class=\"elementor-tab-title\" data-tab=\"8\" role=\"button\" aria-controls=\"elementor-tab-content-4098\" aria-expanded=\"false\">\n\t\t\t\t\t\t\t\t\t\t\t\t<span class=\"elementor-toggle-icon elementor-toggle-icon-left\" aria-hidden=\"true\">\n\t\t\t\t\t\t\t\t\t\t\t\t\t\t\t<span class=\"elementor-toggle-icon-closed\"><i class=\"fas fa-caret-down\"><\/i><\/span>\n\t\t\t\t\t\t\t\t<span class=\"elementor-toggle-icon-opened\"><i class=\"elementor-toggle-icon-opened fas fa-caret-up\"><\/i><\/span>\n\t\t\t\t\t\t\t\t\t\t\t\t\t<\/span>\n\t\t\t\t\t\t\t\t\t\t\t\t<a class=\"elementor-toggle-title\" tabindex=\"0\">Janusz Szczerba, prezes RSZWiN ZNP: Nie pami\u0119tam takiego wrzenia na uczelniach jak obecnie. Jeste\u015bmy smutni i w\u015bciekli<\/a>\n\t\t\t\t\t<\/div>\n\n\t\t\t\t\t<div id=\"elementor-tab-content-4098\" class=\"elementor-tab-content elementor-clearfix\" data-tab=\"8\" role=\"region\" aria-labelledby=\"elementor-tab-title-4098\"><a href=\"https:\/\/glos.pl\/janusz-szczerba-prezes-rszwin-znp-nie-pamietam-takiego-wrzenia-na-uczelniach-jak-obecnie-jestesmy-smutni-i-wsciekli\" target=\"_blank\" rel=\"noopener\">Czytaj wi\u0119cej \u00bb<\/a><\/div>\n\t\t\t\t<\/div>\n\t\t\t\t\t\t\t<div class=\"elementor-toggle-item\">\n\t\t\t\t\t<div id=\"elementor-tab-title-4099\" class=\"elementor-tab-title\" data-tab=\"9\" role=\"button\" aria-controls=\"elementor-tab-content-4099\" aria-expanded=\"false\">\n\t\t\t\t\t\t\t\t\t\t\t\t<span class=\"elementor-toggle-icon elementor-toggle-icon-left\" aria-hidden=\"true\">\n\t\t\t\t\t\t\t\t\t\t\t\t\t\t\t<span class=\"elementor-toggle-icon-closed\"><i class=\"fas fa-caret-down\"><\/i><\/span>\n\t\t\t\t\t\t\t\t<span class=\"elementor-toggle-icon-opened\"><i class=\"elementor-toggle-icon-opened fas fa-caret-up\"><\/i><\/span>\n\t\t\t\t\t\t\t\t\t\t\t\t\t<\/span>\n\t\t\t\t\t\t\t\t\t\t\t\t<a class=\"elementor-toggle-title\" tabindex=\"0\">\"Kpina i katastrofa\". Pracownicy uczelni pokazuj\u0105 nam paski z wyp\u0142at<\/a>\n\t\t\t\t\t<\/div>\n\n\t\t\t\t\t<div id=\"elementor-tab-content-4099\" class=\"elementor-tab-content elementor-clearfix\" data-tab=\"9\" role=\"region\" aria-labelledby=\"elementor-tab-title-4099\"><p><a href=\"https:\/\/wydarzenia.interia.pl\/kraj\/news-kpina-i-katastrofa-pracownicy-uczelni-pokazuja-nam-paski-z-w,nId,6330720\" target=\"_blank\" rel=\"noopener\">Czytaj wi\u0119cej \u00bb<\/a><\/p><\/div>\n\t\t\t\t<\/div>\n\t\t\t\t\t\t\t<div class=\"elementor-toggle-item\">\n\t\t\t\t\t<div id=\"elementor-tab-title-40910\" class=\"elementor-tab-title\" data-tab=\"10\" role=\"button\" aria-controls=\"elementor-tab-content-40910\" aria-expanded=\"false\">\n\t\t\t\t\t\t\t\t\t\t\t\t<span class=\"elementor-toggle-icon elementor-toggle-icon-left\" aria-hidden=\"true\">\n\t\t\t\t\t\t\t\t\t\t\t\t\t\t\t<span class=\"elementor-toggle-icon-closed\"><i class=\"fas fa-caret-down\"><\/i><\/span>\n\t\t\t\t\t\t\t\t<span class=\"elementor-toggle-icon-opened\"><i class=\"elementor-toggle-icon-opened fas fa-caret-up\"><\/i><\/span>\n\t\t\t\t\t\t\t\t\t\t\t\t\t<\/span>\n\t\t\t\t\t\t\t\t\t\t\t\t<a class=\"elementor-toggle-title\" tabindex=\"0\">Komunikat Rady Szkolnictwa Wy\u017cszego i Nauki Zwi\u0105zku Nauczycielstwa Polskiego  w sprawie wypowiedzi i tweetu MEiN z dnia 21 kwietnia 2022 roku, dotycz\u0105cego podwy\u017cek dla  nauczycieli akademickich<\/a>\n\t\t\t\t\t<\/div>\n\n\t\t\t\t\t<div id=\"elementor-tab-content-40910\" class=\"elementor-tab-content elementor-clearfix\" data-tab=\"10\" role=\"region\" aria-labelledby=\"elementor-tab-title-40910\"><p>Nasza wsp\u00f3lnota akademicka jest zbulwersowana k\u0142amstwem, kt\u00f3re Minister Edukacji i Nauki przekaza\u0142 opinii publicznej w dniu 21 kwietnia 2022 roku. Oto dow\u00f3d:<\/p><p><img loading=\"lazy\" decoding=\"async\" class=\"alignnone wp-image-725 size-full\" src=\"https:\/\/protestszkolnictwa.pl\/wp-content\/uploads\/2022\/04\/tweet.jpg\" alt=\"\" width=\"1158\" height=\"558\" srcset=\"https:\/\/protestszkolnictwa.pl\/wp-content\/uploads\/2022\/04\/tweet.jpg 1158w, https:\/\/protestszkolnictwa.pl\/wp-content\/uploads\/2022\/04\/tweet-300x145.jpg 300w, https:\/\/protestszkolnictwa.pl\/wp-content\/uploads\/2022\/04\/tweet-1024x493.jpg 1024w, https:\/\/protestszkolnictwa.pl\/wp-content\/uploads\/2022\/04\/tweet-768x370.jpg 768w\" sizes=\"(max-width: 1158px) 100vw, 1158px\" \/><\/p><p>Szanowny Panie Ministrze, dlaczego Pan k\u0142amie i oszukuje opini\u0119 publiczn\u0105. Jeste\u015bmy tym bardziej zbulwersowani, gdy\u017c od Pana &#8211; doktora habilitowanego, profesora Katolickiego Uniwersytetu Lubelskiego \u2013 oczekujemy etycznych zasad post\u0119powania, kt\u00f3re s\u0105 zapisane w Kodeksie etyki nauczyciela akademickiego.\u00a0 Jedn\u0105 z zasad etycznych jest, \u017ce nauczyciel akademicki we wszystkich przejawach swojej dzia\u0142alno\u015bci zawodowej i spo\u0142ecznej odznacza si\u0119 rzetelno\u015bci\u0105 wobec fakt\u00f3w oraz odznacza si\u0119 poczuciem moralnej i prawnej odpowiedzialno\u015bci za g\u0142oszone pogl\u0105dy, interpretacje<br \/>i skutki swojego post\u0119powanie jako badacza, dydaktyka i osoby publicznej.<\/p><p>Oto dow\u00f3d Pana k\u0142amstwa:<\/p><p><strong>w ustawie z dnia 14 pa\u017adziernika 2021 r. o zmianie ustawy o szczeg\u00f3lnych rozwi\u0105zaniach s\u0142u\u017c\u0105cych realizacji ustawy bud\u017cetowej na rok 2021 oraz ustawy o dochodach jednostek samorz\u0105du terytorialnego (Dz.U. 2021 poz. 1901) parlament wprowadzi\u0142 artyku\u0142 71.a <\/strong>w brzmieniu:<\/p><p>\u201eArt. 71a.<\/p><ol><li>W roku 2021 uczelnie publiczne, uczelnie uprawnione do finansowania na zasadach okre\u015blonych dla uczelni publicznych oraz instytuty dzia\u0142aj\u0105ce w ramach Sieci Badawczej \u0141ukasiewicz, opr\u00f3cz \u015brodk\u00f3w, o kt\u00f3rych mowa w ustawie o szkolnictwie wy\u017cszym, otrzymuj\u0105 w formie subwencji <strong>\u015brodki finansowe w \u0142\u0105cznej kwocie 1 mld z\u0142.<\/strong><\/li><li><strong>Subwencje, o kt\u00f3rych mowa w ust. 1, mog\u0105 by\u0107 przeznaczone wy\u0142\u0105cznie na finansowanie nak\u0142ad\u00f3w na rzeczowe aktywa trwa\u0142e oraz warto\u015bci niematerialne i prawne w rozumieniu ustawy z dnia 29 wrze\u015bnia 1994 r. o rachunkowo\u015bci (Dz. U. z 2021 r. poz. 217) lub na sp\u0142at\u0119 kredyt\u00f3w lub po\u017cyczek zaci\u0105gni\u0119tych na finansowanie takich nak\u0142ad\u00f3w.<\/strong><\/li><li>Subwencje, o kt\u00f3rych mowa w ust. 1, s\u0105 przekazywane przez ministra w\u0142a\u015bciwego do spraw szkolnictwa wy\u017cszego i nauki z uwzgl\u0119dnieniem rodzaju podmiotu szkolnictwa wy\u017cszego i nauki.<\/li><\/ol><p>W ust\u0119pie 2 tego artyku\u0142u wyra\u017anie jest powiedziane na co maj\u0105 by\u0107 przeznaczone te \u015brodki. <strong>Przeznaczenie tych \u015brodk\u00f3w na wynagrodzenia by\u0142oby nie tylko z\u0142amaniem prawa ale zagro\u017cone by\u0142oby odpowiedzialno\u015bci\u0105 karn\u0105<\/strong>. Pan Minister to dok\u0142adnie wiedzia\u0142 i m\u00f3wi\u0105c s\u0142owa o przeznaczeniu tych \u015brodk\u00f3w na podwy\u017cki dla nauczycieli akademickich cynicznie k\u0142ama\u0142.<\/p><p>Kolejna sprawa to zapowied\u017a przeznaczenia kilkudziesi\u0119ciu milion\u00f3w z\u0142otych na podwy\u017cki od 1\u00a0pa\u017adziernika 2022 roku. Panie Ministrze doskonale Pan wie z prac <em>Zespo\u0142u do spraw przygotowania propozycji rozwi\u0105za\u0144 w\u00a0zakresie wynagrodze\u0144 w\u00a0uczelniach publicznych<\/em>, \u017ce koszty Uczelni zwi\u0105zane ze zwi\u0119kszeniem od 1 stycznia 2022 roku p\u0142acy minimalnej wynios\u0105 oko\u0142o 35 do 45 milion\u00f3w z\u0142otych. Pieni\u0105dze kt\u00f3re Pan proponuje na podwy\u017cki ju\u017c zosta\u0142y skonsumowane poprzez ustawowe podniesienie p\u0142acy minimalnej.<\/p><p><strong>Panie Ministrze, na wzrost wynagrodze\u0144 w szkolnictwie wy\u017cszym i nauce na 2022 rok potrzeba oko\u0142o 3,2 mld z\u0142otych i oczekujemy od Pana konkretnych dzia\u0142a\u0144 jak ten problem rozwi\u0105za\u0107.<\/strong><\/p><p><strong>\u00a0<\/strong><\/p><p>Rada Szkolnictwa Wy\u017cszego i Nauki<\/p><p>Zwi\u0105zku Nauczycielstwa Polskiego<\/p><\/div>\n\t\t\t\t<\/div>\n\t\t\t\t\t\t\t<div class=\"elementor-toggle-item\">\n\t\t\t\t\t<div id=\"elementor-tab-title-40911\" class=\"elementor-tab-title\" data-tab=\"11\" role=\"button\" aria-controls=\"elementor-tab-content-40911\" aria-expanded=\"false\">\n\t\t\t\t\t\t\t\t\t\t\t\t<span class=\"elementor-toggle-icon elementor-toggle-icon-left\" aria-hidden=\"true\">\n\t\t\t\t\t\t\t\t\t\t\t\t\t\t\t<span class=\"elementor-toggle-icon-closed\"><i class=\"fas fa-caret-down\"><\/i><\/span>\n\t\t\t\t\t\t\t\t<span class=\"elementor-toggle-icon-opened\"><i class=\"elementor-toggle-icon-opened fas fa-caret-up\"><\/i><\/span>\n\t\t\t\t\t\t\t\t\t\t\t\t\t<\/span>\n\t\t\t\t\t\t\t\t\t\t\t\t<a class=\"elementor-toggle-title\" tabindex=\"0\">Odpowied\u017a Ministra Edukacji i Nauki na pismo Wojewody Wielkopolskiego w sprawie protestu<\/a>\n\t\t\t\t\t<\/div>\n\n\t\t\t\t\t<div id=\"elementor-tab-content-40911\" class=\"elementor-tab-content elementor-clearfix\" data-tab=\"11\" role=\"region\" aria-labelledby=\"elementor-tab-title-40911\"><p>Dnia 22.12.2021 cztery pozna\u0144skie organizacje uczelniane ZNP wys\u0142a\u0142y do Wojewody Wielkopolskiego pismo, w kt\u00f3rym wyrazi\u0142y protest wobec sytuacji w szkolnictwie wy\u017cszym i nauce, w szczeg\u00f3lno\u015bci braku podwy\u017cek pracownik\u00f3w tego sektora. Wojewoda przes\u0142a\u0142 pismo do Ministra Edukacji i Nauki, a w dniu 25 stycznia 2022 r. przys\u0142ano odpowied\u017a z Ministerstwa. W pi\u015bmie od Ministra jest istotna informacja dotycz\u0105ca daty zako\u0144czenia prac Zespo\u0142u ds. przygotowania propozycji rozwi\u0105za\u0144 w zakresie wynagrodze\u0144 w publicznych szko\u0142ach wy\u017cszych powo\u0142anego przez Ministra Czarnka \u2013 jest to 31 marca 2022 r. Dla nas to data krytyczna, je\u015bli zaproponowane rozwi\u0105zania nie spe\u0142ni\u0105 oczekiwa\u0144 \u015brodowiska akademickiego b\u0119dziemy musieli podj\u0105\u0107 bardziej zdecydowane dzia\u0142ania protestowe. W za\u0142\u0105czeniu pisma dotycz\u0105ce sprawy.<\/p><p><a href=\"https:\/\/protestszkolnictwa.pl\/wp-content\/uploads\/2022\/03\/ZNP_20211223_122633.pdf\" target=\"_blank\" rel=\"noopener\">Pismo ZNP<\/a> | <a href=\"https:\/\/protestszkolnictwa.pl\/wp-content\/uploads\/2022\/03\/odpowiedz-wojewody.pdf\" target=\"_blank\" rel=\"noopener\">Odpowied\u017a wojewody<\/a> | <a href=\"https:\/\/protestszkolnictwa.pl\/wp-content\/uploads\/2022\/03\/odp-z-Ministerstwa.pdf\" target=\"_blank\" rel=\"noopener\">Odpowied\u017a z ministerstwa<\/a><\/p><p>\u00a0<\/p><div id=\"gtx-trans\" style=\"position: absolute; left: 95px; top: 624.792px;\"><div class=\"gtx-trans-icon\">\u00a0<\/div><\/div><\/div>\n\t\t\t\t<\/div>\n\t\t\t\t\t\t\t<div class=\"elementor-toggle-item\">\n\t\t\t\t\t<div id=\"elementor-tab-title-40912\" class=\"elementor-tab-title\" data-tab=\"12\" role=\"button\" aria-controls=\"elementor-tab-content-40912\" aria-expanded=\"false\">\n\t\t\t\t\t\t\t\t\t\t\t\t<span class=\"elementor-toggle-icon elementor-toggle-icon-left\" aria-hidden=\"true\">\n\t\t\t\t\t\t\t\t\t\t\t\t\t\t\t<span class=\"elementor-toggle-icon-closed\"><i class=\"fas fa-caret-down\"><\/i><\/span>\n\t\t\t\t\t\t\t\t<span class=\"elementor-toggle-icon-opened\"><i class=\"elementor-toggle-icon-opened fas fa-caret-up\"><\/i><\/span>\n\t\t\t\t\t\t\t\t\t\t\t\t\t<\/span>\n\t\t\t\t\t\t\t\t\t\t\t\t<a class=\"elementor-toggle-title\" tabindex=\"0\">Pismo KRASP do Premiera RP<\/a>\n\t\t\t\t\t<\/div>\n\n\t\t\t\t\t<div id=\"elementor-tab-content-40912\" class=\"elementor-tab-content elementor-clearfix\" data-tab=\"12\" role=\"region\" aria-labelledby=\"elementor-tab-title-40912\"><div data-darkreader-inline-border-top=\"\" data-darkreader-inline-border-right=\"\" data-darkreader-inline-border-bottom=\"\" data-darkreader-inline-border-left=\"\" data-darkreader-inline-color=\"\"><div dir=\"ltr\"><p>O problemach, z kt\u00f3rymi zmagaj\u0105 si\u0119 pracownicy uczelni, poinformowa\u0142a w swoim pi\u015bmie do Premiera RP r\u00f3wnie\u017c Konferencja Rektor\u00f3w Akademickich Szk\u00f3\u0142 Polskich. Kolejna grupa przedstawicieli \u015brodowiska akademickiego zwraca uwag\u0119 na piln\u0105 potrzeba dzia\u0142ania w zakresie finansowania polskich uczelni.<\/p><p><br \/>Zach\u0119camy do zapoznania si\u0119 z <a href=\"https:\/\/protestszkolnictwa.pl\/wp-content\/uploads\/2022\/02\/pismo-Przewodniczacego-KRASP.pdf\">pismem<\/a>.<\/p><\/div><\/div><\/div>\n\t\t\t\t<\/div>\n\t\t\t\t\t\t\t<div class=\"elementor-toggle-item\">\n\t\t\t\t\t<div id=\"elementor-tab-title-40913\" class=\"elementor-tab-title\" data-tab=\"13\" role=\"button\" aria-controls=\"elementor-tab-content-40913\" aria-expanded=\"false\">\n\t\t\t\t\t\t\t\t\t\t\t\t<span class=\"elementor-toggle-icon elementor-toggle-icon-left\" aria-hidden=\"true\">\n\t\t\t\t\t\t\t\t\t\t\t\t\t\t\t<span class=\"elementor-toggle-icon-closed\"><i class=\"fas fa-caret-down\"><\/i><\/span>\n\t\t\t\t\t\t\t\t<span class=\"elementor-toggle-icon-opened\"><i class=\"elementor-toggle-icon-opened fas fa-caret-up\"><\/i><\/span>\n\t\t\t\t\t\t\t\t\t\t\t\t\t<\/span>\n\t\t\t\t\t\t\t\t\t\t\t\t<a class=\"elementor-toggle-title\" tabindex=\"0\">List do premiera RP i ministra edukacji i nauki<\/a>\n\t\t\t\t\t<\/div>\n\n\t\t\t\t\t<div id=\"elementor-tab-content-40913\" class=\"elementor-tab-content elementor-clearfix\" data-tab=\"13\" role=\"region\" aria-labelledby=\"elementor-tab-title-40913\"><div data-darkreader-inline-border-top=\"\" data-darkreader-inline-border-right=\"\" data-darkreader-inline-border-bottom=\"\" data-darkreader-inline-border-left=\"\" data-darkreader-inline-color=\"\"><div dir=\"ltr\"><p>11 lutego organizacje zak\u0142adowe na uczelniach i w instytutach naukowych przes\u0142a\u0142y pisma do Premiera RP i Ministra Edukacji i Nauki, w kt\u00f3rych domagamy si\u0119 realizacji naszych postulat\u00f3w. Z tre\u015bci\u0105 listu mo\u017cna zapozna\u0107 si\u0119 <a href=\"https:\/\/protestszkolnictwa.pl\/wp-content\/uploads\/2022\/02\/list-do-premiera-i-ministra.pdf\">tutaj<\/a>.<\/p><\/div><\/div><\/div>\n\t\t\t\t<\/div>\n\t\t\t\t\t\t\t<div class=\"elementor-toggle-item\">\n\t\t\t\t\t<div id=\"elementor-tab-title-40914\" class=\"elementor-tab-title\" data-tab=\"14\" role=\"button\" aria-controls=\"elementor-tab-content-40914\" aria-expanded=\"false\">\n\t\t\t\t\t\t\t\t\t\t\t\t<span class=\"elementor-toggle-icon elementor-toggle-icon-left\" aria-hidden=\"true\">\n\t\t\t\t\t\t\t\t\t\t\t\t\t\t\t<span class=\"elementor-toggle-icon-closed\"><i class=\"fas fa-caret-down\"><\/i><\/span>\n\t\t\t\t\t\t\t\t<span class=\"elementor-toggle-icon-opened\"><i class=\"elementor-toggle-icon-opened fas fa-caret-up\"><\/i><\/span>\n\t\t\t\t\t\t\t\t\t\t\t\t\t<\/span>\n\t\t\t\t\t\t\t\t\t\t\t\t<a class=\"elementor-toggle-title\" tabindex=\"0\">Komunikat Og\u00f3lnopolskiego Komitetu Protestacyjnego\u00a0Rady Szkolnictwa Wy\u017cszego i Nauki Zwi\u0105zku Nauczycielstwa Polskiego<\/a>\n\t\t\t\t\t<\/div>\n\n\t\t\t\t\t<div id=\"elementor-tab-content-40914\" class=\"elementor-tab-content elementor-clearfix\" data-tab=\"14\" role=\"region\" aria-labelledby=\"elementor-tab-title-40914\"><div data-darkreader-inline-border-top=\"\" data-darkreader-inline-border-right=\"\" data-darkreader-inline-border-bottom=\"\" data-darkreader-inline-border-left=\"\" data-darkreader-inline-color=\"\"><div dir=\"ltr\"><p>Rada Szkolnictwa Wy\u017cszego i Nauki Zwi\u0105zku Nauczycielstwa Polskiego na posiedzeniu w dniu 28\u00a0 stycznia 2022 r. podj\u0119\u0142a decyzj\u0119 o kontynuacji akcji protestacyjnej na rzecz wzrostu wynagrodze\u0144 pracownik\u00f3w szkolnictwa wy\u017cszego i nauki (zar\u00f3wno b\u0119d\u0105cych, jak i nieb\u0119d\u0105cych nauczycielami akademickimi) oraz zwi\u0119kszenia og\u00f3lnych nak\u0142ad\u00f3w na ten sektor w 2022 r. Podj\u0119te w ramach akcji dzia\u0142ania nie przynios\u0142y oczekiwanego rezultatu, w ustawie bud\u017cetowej na rok 2022 nie zagwarantowano \u017cadnych \u015brodk\u00f3w na wzrost wynagrodze\u0144 dla pracownik\u00f3w uczelni wy\u017cszych i plac\u00f3wek naukowych, nie zwi\u0119kszono te\u017c znacz\u0105co nak\u0142ad\u00f3w na funkcjonowanie szkolnictwa wy\u017cszego i nauki.<\/p><p>Przypominamy, \u017ce nasze postulaty to realizacja zobowi\u0105za\u0144, kt\u00f3re przyj\u0105\u0142 Rz\u0105d RP podczas wprowadzania reformy szkolnictwa wy\u017cszego i nauki w 2018 roku, czyli:<\/p><ul><li>17% wzrostu wynagrodze\u0144 w 2022 roku dla wszystkich pracownik\u00f3w szkolnictwa wy\u017cszego i nauki. Podwy\u017cki w wysoko\u015bci 10% rocznie obiecano na lata 2019 &#8211; 2021, zrealizowano 7% w roku 2019 i 6% w roku 2020<\/li><li>podwy\u017cki minimalnego wynagrodzenia zasadniczego dla profesora do wysoko\u015bci trzykrotnego minimalnego wynagrodzenia za prac\u0119 (9030 z\u0142 w roku 2022). Stanowi to podstaw\u0119 do wyliczenia wynagrodze\u0144 dla pozosta\u0142ych nauczycieli akademickich<\/li><li>domagamy si\u0119 systemowego zwi\u0119kszania nak\u0142ad\u00f3w finansowych na szkolnictwo wy\u017csze i nauk\u0119 do poziomu 3% PKB<\/li><\/ul><p>Efektem prowadzonej akcji protestacyjnej by\u0142o m.in. powo\u0142anie przez Ministerstwo Edukacji i Nauki <em>Zespo\u0142u do spraw przygotowania propozycji rozwi\u0105za\u0144 w zakresie wynagrodze\u0144 w publicznych szko\u0142ach wy\u017cszych<\/em><em>,<\/em> kt\u00f3rego g\u0142\u00f3wnym zadaniem mia\u0142o by\u0107 dokonanie analizy aktualnego stanu wynagrodze\u0144 w publicznych szko\u0142ach wy\u017cszych i przygotowanie, w terminie do dnia 31 marca 2022 r., propozycji rozwi\u0105za\u0144 w tym zakresie. Zesp\u00f3\u0142 spotka\u0142 si\u0119 dwa razy, w grudniu 2021 r. i w styczniu br., kolejne spotkanie planowane jest w lutym 2022 r. Niestety, jak do tej pory nie pad\u0142y ze strony Ministerstwa \u017cadne konkretne propozycje. Dlatego zmuszeni jeste\u015bmy do kontynuacji akcji protestacyjnej i podejmowania dalszych dzia\u0142a\u0144 w tej sprawie, o kt\u00f3rych b\u0119dziemy informowa\u0107 na bie\u017c\u0105co.<\/p><p>Przewodnicz\u0105ca Og\u00f3lnopolskiego Komitetu Protestacyjnego RSzWiN ZNP<\/p><p>\/-\/ Aneta Trojanowska<\/p><\/div><\/div><\/div>\n\t\t\t\t<\/div>\n\t\t\t\t\t\t\t<div class=\"elementor-toggle-item\">\n\t\t\t\t\t<div id=\"elementor-tab-title-40915\" class=\"elementor-tab-title\" data-tab=\"15\" role=\"button\" aria-controls=\"elementor-tab-content-40915\" aria-expanded=\"false\">\n\t\t\t\t\t\t\t\t\t\t\t\t<span class=\"elementor-toggle-icon elementor-toggle-icon-left\" aria-hidden=\"true\">\n\t\t\t\t\t\t\t\t\t\t\t\t\t\t\t<span class=\"elementor-toggle-icon-closed\"><i class=\"fas fa-caret-down\"><\/i><\/span>\n\t\t\t\t\t\t\t\t<span class=\"elementor-toggle-icon-opened\"><i class=\"elementor-toggle-icon-opened fas fa-caret-up\"><\/i><\/span>\n\t\t\t\t\t\t\t\t\t\t\t\t\t<\/span>\n\t\t\t\t\t\t\t\t\t\t\t\t<a class=\"elementor-toggle-title\" tabindex=\"0\">Dr B\u0142a\u017cej M\u0105drzycki: Planujemy kolejne dzia\u0142ania protestacyjne na uczelniach wy\u017cszych<\/a>\n\t\t\t\t\t<\/div>\n\n\t\t\t\t\t<div id=\"elementor-tab-content-40915\" class=\"elementor-tab-content elementor-clearfix\" data-tab=\"15\" role=\"region\" aria-labelledby=\"elementor-tab-title-40915\"><div data-darkreader-inline-border-top=\"\" data-darkreader-inline-border-right=\"\" data-darkreader-inline-border-bottom=\"\" data-darkreader-inline-border-left=\"\" data-darkreader-inline-color=\"\"><div dir=\"ltr\"><div><p class=\"wow fadeInUp\">Z dr B\u0142a\u017cejem M\u0105drzyckim, rzecznikiem i koordynatorem ds. prawnych Rady Szkolnictwa Wy\u017cszego i Nauki ZNP, wiceprezesem Rady Uczelnianej ZNP w Uniwersytecie \u015al\u0105skim w Katowicach, rozmawia Jaros\u0142aw Karpi\u0144ski<\/p><\/div><div><a href=\"https:\/\/glos.pl\/dr-blazej-madrzycki-planujemy-kolejne-dzialania-protestacyjne-na-uczelniach-wyzszych\" target=\"_blank\" rel=\"noopener\">Czytaj wi\u0119cej \u00bb<\/a><\/div><\/div><\/div><div id=\"gtx-trans\" style=\"position: absolute; left: -2px; top: -2.66667px;\"><div class=\"gtx-trans-icon\">\u00a0<\/div><\/div><\/div>\n\t\t\t\t<\/div>\n\t\t\t\t\t\t\t<div class=\"elementor-toggle-item\">\n\t\t\t\t\t<div id=\"elementor-tab-title-40916\" class=\"elementor-tab-title\" data-tab=\"16\" role=\"button\" aria-controls=\"elementor-tab-content-40916\" aria-expanded=\"false\">\n\t\t\t\t\t\t\t\t\t\t\t\t<span class=\"elementor-toggle-icon elementor-toggle-icon-left\" aria-hidden=\"true\">\n\t\t\t\t\t\t\t\t\t\t\t\t\t\t\t<span class=\"elementor-toggle-icon-closed\"><i class=\"fas fa-caret-down\"><\/i><\/span>\n\t\t\t\t\t\t\t\t<span class=\"elementor-toggle-icon-opened\"><i class=\"elementor-toggle-icon-opened fas fa-caret-up\"><\/i><\/span>\n\t\t\t\t\t\t\t\t\t\t\t\t\t<\/span>\n\t\t\t\t\t\t\t\t\t\t\t\t<a class=\"elementor-toggle-title\" tabindex=\"0\">Zdj\u0119cia z dzisiejszych wydarze\u0144, pikiet, konferencji prasowych<\/a>\n\t\t\t\t\t<\/div>\n\n\t\t\t\t\t<div id=\"elementor-tab-content-40916\" class=\"elementor-tab-content elementor-clearfix\" data-tab=\"16\" role=\"region\" aria-labelledby=\"elementor-tab-title-40916\"><div data-darkreader-inline-border-top=\"\" data-darkreader-inline-border-right=\"\" data-darkreader-inline-border-bottom=\"\" data-darkreader-inline-border-left=\"\" data-darkreader-inline-color=\"\"><div dir=\"ltr\"><div>Zach\u0119camy, aby przesy\u0142a\u0107 zdj\u0119cia z dzisiejszych wydarze\u0144, pikiet, konferencji prasowych na adres\u00a0<a href=\"mailto:protestszkolnictwa@znp.edu.pl\" target=\"_blank\" rel=\"noopener\">protestszkolnictwa@znp.edu.pl<\/a><\/div><\/div><\/div><\/div>\n\t\t\t\t<\/div>\n\t\t\t\t\t\t\t<div class=\"elementor-toggle-item\">\n\t\t\t\t\t<div id=\"elementor-tab-title-40917\" class=\"elementor-tab-title\" data-tab=\"17\" role=\"button\" aria-controls=\"elementor-tab-content-40917\" aria-expanded=\"false\">\n\t\t\t\t\t\t\t\t\t\t\t\t<span class=\"elementor-toggle-icon elementor-toggle-icon-left\" aria-hidden=\"true\">\n\t\t\t\t\t\t\t\t\t\t\t\t\t\t\t<span class=\"elementor-toggle-icon-closed\"><i class=\"fas fa-caret-down\"><\/i><\/span>\n\t\t\t\t\t\t\t\t<span class=\"elementor-toggle-icon-opened\"><i class=\"elementor-toggle-icon-opened fas fa-caret-up\"><\/i><\/span>\n\t\t\t\t\t\t\t\t\t\t\t\t\t<\/span>\n\t\t\t\t\t\t\t\t\t\t\t\t<a class=\"elementor-toggle-title\" tabindex=\"0\">Wida\u0107 kolejne efekty naszego protestu!<\/a>\n\t\t\t\t\t<\/div>\n\n\t\t\t\t\t<div id=\"elementor-tab-content-40917\" class=\"elementor-tab-content elementor-clearfix\" data-tab=\"17\" role=\"region\" aria-labelledby=\"elementor-tab-title-40917\"><div data-darkreader-inline-border-top=\"\" data-darkreader-inline-border-right=\"\" data-darkreader-inline-border-bottom=\"\" data-darkreader-inline-border-left=\"\" data-darkreader-inline-color=\"\">Znamy ju\u017c pierwsze szczeg\u00f3\u0142y dotycz\u0105ce Zespo\u0142u ds. wynagrodze\u0144, o powo\u0142aniu kt\u00f3rego informowali\u015bmy kilka dni temu.<\/div>\n<div data-darkreader-inline-border-top=\"\" data-darkreader-inline-border-right=\"\" data-darkreader-inline-border-bottom=\"\" data-darkreader-inline-border-left=\"\" data-darkreader-inline-color=\"\"><span style=\"color: var(--darkreader-inline-color) ; font-size: 1rem; --darkreader-inline-color:var(--darkreader-text--darkreader-inline-color);\" data-darkreader-inline-color=\"\">Na 16 grudnia zosta\u0142o zaplanowane pierwsze posiedzenie zespo\u0142u, kt\u00f3rego zadaniem b\u0119dzie przedstawienie Ministrowi analizy dotycz\u0105cej aktualnego stanu wynagrodze\u0144 na uczelniach publicznych.<\/span><br><\/div>\n<div data-darkreader-inline-border-top=\"\" data-darkreader-inline-border-right=\"\" data-darkreader-inline-border-bottom=\"\" data-darkreader-inline-border-left=\"\" data-darkreader-inline-color=\"\"><span style=\"color: var(--darkreader-inline-color) ; font-size: 1rem;\">Do wsp\u00f3\u0142pracy zaproszono przedstawicieli zwi\u0105zk\u00f3w zawodowych, KRASP, KRPUZ oraz RGNiSW.<\/span><br><\/div><\/div>\n\t\t\t\t<\/div>\n\t\t\t\t\t\t\t<div class=\"elementor-toggle-item\">\n\t\t\t\t\t<div id=\"elementor-tab-title-40918\" class=\"elementor-tab-title\" data-tab=\"18\" role=\"button\" aria-controls=\"elementor-tab-content-40918\" aria-expanded=\"false\">\n\t\t\t\t\t\t\t\t\t\t\t\t<span class=\"elementor-toggle-icon elementor-toggle-icon-left\" aria-hidden=\"true\">\n\t\t\t\t\t\t\t\t\t\t\t\t\t\t\t<span class=\"elementor-toggle-icon-closed\"><i class=\"fas fa-caret-down\"><\/i><\/span>\n\t\t\t\t\t\t\t\t<span class=\"elementor-toggle-icon-opened\"><i class=\"elementor-toggle-icon-opened fas fa-caret-up\"><\/i><\/span>\n\t\t\t\t\t\t\t\t\t\t\t\t\t<\/span>\n\t\t\t\t\t\t\t\t\t\t\t\t<a class=\"elementor-toggle-title\" tabindex=\"0\">Kolejne organizacje przy\u0142\u0105czaj\u0105 si\u0119 do protestu<\/a>\n\t\t\t\t\t<\/div>\n\n\t\t\t\t\t<div id=\"elementor-tab-content-40918\" class=\"elementor-tab-content elementor-clearfix\" data-tab=\"18\" role=\"region\" aria-labelledby=\"elementor-tab-title-40918\"><div>Kolejne organizacje przy\u0142\u0105czaj\u0105 si\u0119 do protestu. Razem z nami protestowa\u0107 b\u0119dzie Inicjatywa Pracownicza.<\/div>\n<div><a href=\"https:\/\/www.facebook.com\/ozzipuj\/photos\/a.329580454521324\/1070580147088014\/?type=3\" target=\"_blank\" rel=\"noopener\">Czytaj wi\u0119cej \u00bb<\/a><\/div><\/div>\n\t\t\t\t<\/div>\n\t\t\t\t\t\t\t<div class=\"elementor-toggle-item\">\n\t\t\t\t\t<div id=\"elementor-tab-title-40919\" class=\"elementor-tab-title\" data-tab=\"19\" role=\"button\" aria-controls=\"elementor-tab-content-40919\" aria-expanded=\"false\">\n\t\t\t\t\t\t\t\t\t\t\t\t<span class=\"elementor-toggle-icon elementor-toggle-icon-left\" aria-hidden=\"true\">\n\t\t\t\t\t\t\t\t\t\t\t\t\t\t\t<span class=\"elementor-toggle-icon-closed\"><i class=\"fas fa-caret-down\"><\/i><\/span>\n\t\t\t\t\t\t\t\t<span class=\"elementor-toggle-icon-opened\"><i class=\"elementor-toggle-icon-opened fas fa-caret-up\"><\/i><\/span>\n\t\t\t\t\t\t\t\t\t\t\t\t\t<\/span>\n\t\t\t\t\t\t\t\t\t\t\t\t<a class=\"elementor-toggle-title\" tabindex=\"0\">Presja ma sens! Wida\u0107 ju\u017c pierwsze efekty naszego protestu<\/a>\n\t\t\t\t\t<\/div>\n\n\t\t\t\t\t<div id=\"elementor-tab-content-40919\" class=\"elementor-tab-content elementor-clearfix\" data-tab=\"19\" role=\"region\" aria-labelledby=\"elementor-tab-title-40919\"><div>Minister zadeklarowa\u0142 gotowo\u015b\u0107 do rozm\u00f3w w sprawie podwy\u017cek. Czekamy na szczeg\u00f3\u0142y. Jeste\u015bmy otwarci i gotowi do rozm\u00f3w.<\/div><div><a href=\"https:\/\/www.bankier.pl\/wiadomosc\/Podwyzki-na-uczelniach-Minister-edukacji-i-nauki-powola-zespol-ds-wynagrodzen-8237184.html\" target=\"_blank\" rel=\"noopener\">Czytaj wi\u0119cej \u00bb<\/a><\/div><\/div>\n\t\t\t\t<\/div>\n\t\t\t\t\t\t\t<div class=\"elementor-toggle-item\">\n\t\t\t\t\t<div id=\"elementor-tab-title-40920\" class=\"elementor-tab-title\" data-tab=\"20\" role=\"button\" aria-controls=\"elementor-tab-content-40920\" aria-expanded=\"false\">\n\t\t\t\t\t\t\t\t\t\t\t\t<span class=\"elementor-toggle-icon elementor-toggle-icon-left\" aria-hidden=\"true\">\n\t\t\t\t\t\t\t\t\t\t\t\t\t\t\t<span class=\"elementor-toggle-icon-closed\"><i class=\"fas fa-caret-down\"><\/i><\/span>\n\t\t\t\t\t\t\t\t<span class=\"elementor-toggle-icon-opened\"><i class=\"elementor-toggle-icon-opened fas fa-caret-up\"><\/i><\/span>\n\t\t\t\t\t\t\t\t\t\t\t\t\t<\/span>\n\t\t\t\t\t\t\t\t\t\t\t\t<a class=\"elementor-toggle-title\" tabindex=\"0\">Komunikat Og\u00f3lnopolskiego Komitetu Protestacyjnego\u00a0Rady Szkolnictwa Wy\u017cszego i Nauki Zwi\u0105zku Nauczycielstwa Polskiego<\/a>\n\t\t\t\t\t<\/div>\n\n\t\t\t\t\t<div id=\"elementor-tab-content-40920\" class=\"elementor-tab-content elementor-clearfix\" data-tab=\"20\" role=\"region\" aria-labelledby=\"elementor-tab-title-40920\"><p>Rada Szkolnictwa Wy\u017cszego i Nauki Zwi\u0105zku Nauczycielstwa Polskiego informuje <em>o wszcz\u0119ciu akcji protestacyjnej <\/em>na rzecz wzrostu wynagrodze\u0144 pracownik\u00f3w szkolnictwa wy\u017cszego i nauki (zar\u00f3wno b\u0119d\u0105cych, jak i nieb\u0119d\u0105cych nauczycielami akademickimi) oraz zwi\u0119kszenia og\u00f3lnych nak\u0142ad\u00f3w na ten sektor w 2022 r. W grudniu br. przed budynkami uczelni wy\u017cszych i instytut\u00f3w badawczych odb\u0119d\u0105 si\u0119 pikiety protestacyjne, a kolejne formy protestu s\u0105 uzale\u017cnione od sytuacji epidemicznej w Polsce.<\/p><p>Szkolnictwo wy\u017csze i nauka od lat zmagaj\u0105 si\u0119 z chronicznym niedofinansowaniem. Wielokrotnie wskazywali\u015bmy na to w naszych apelach kierowanych do rz\u0105dz\u0105cych \u2013 tak\u017ce\u00a0w czasie trwania pandemii, kt\u00f3ra z ca\u0142\u0105 moc\u0105 unaoczni\u0142a znaczenie spo\u0142eczne bada\u0144 naukowych. Priorytety w\u0142adzy politycznej, w\u0142\u0105cznie z planami wielomiliardowego zwi\u0119kszania wydatk\u00f3w bud\u017cetowych, po raz kolejny nie dotycz\u0105 jednak szkolnictwa wy\u017cszego i nauki. Ponadto rz\u0105d nie wywi\u0105za\u0142 si\u0119 ze zobowi\u0105za\u0144 30-procentowych podwy\u017cek w czasie trzech lat, zawartych podczas wprowadzania <em>Prawa o szkolnictwie wy\u017cszym i nauce<\/em> w 2018 r. \u2013 w okresie, gdy poziom wzrostu cen by\u0142 znacznie ni\u017cszy ni\u017c obecnie.<\/p><p>\u017b\u0105damy realizacji zobowi\u0105za\u0144, kt\u00f3re przyj\u0105\u0142 Rz\u0105d RP podczas wprowadzania reformy szkolnictwa wy\u017cszego i nauki w 2018 roku, czyli:<\/p><ul><li>17% wzrostu wynagrodze\u0144 w 2022 roku dla wszystkich pracownik\u00f3w szkolnictwa wy\u017cszego i nauki. Podwy\u017cki w wysoko\u015bci 10% rocznie obiecano na lata 2019 &#8211; 2021, zrealizowano 7% w roku 2019 i 6% w roku 2020<\/li><li>podwy\u017cki minimalnego wynagrodzenia zasadniczego dla profesora do wysoko\u015bci trzykrotnego minimalnego wynagrodzenia za prac\u0119 (9030 z\u0142 w roku 2022). Stanowi to podstaw\u0119 do wyliczenia wynagrodze\u0144 dla pozosta\u0142ych nauczycieli akademickich<\/li><li>domagamy si\u0119 systemowego zwi\u0119kszania nak\u0142ad\u00f3w finansowych na szkolnictwo wy\u017csze i nauk\u0119 do poziomu 3% PKB<\/li><\/ul><p>Przypominamy, \u017ce premier Mateusz Morawiecki powiedzia\u0142 30 lipca 2021 r., \u017ce \u201ekiedy wynagrodzenia rosn\u0105 dwa razy szybciej ni\u017c inflacja, oznacza to, \u017ce za zarabian\u0105 kwot\u0119 mo\u017cemy kupi\u0107 dwa razy wi\u0119cej\u201d. Natomiast 4 listopada 2021 r. wicepremier RP Henryk Kowalczyk doda\u0142, \u017ce \u201eje\u015bli kto\u015b zarabia o 20 proc. wi\u0119cej, a inflacja jest 6 proc., to mu 14 proc. zostaje w kieszeni\u201d. S\u0142owa te mo\u017cna uzna\u0107 za symbol w kontek\u015bcie okaza\u0142ych podwy\u017cek wynagrodze\u0144, kt\u00f3re w\u0142adza nada\u0142a w\u0142asnym przedstawicielom. Nie od dzi\u015b wiemy, \u017ce rz\u0105d sam si\u0119 wy\u017cywi. Niestety,\u00a0w odniesieniu do pracownik\u00f3w szkolnictwa wy\u017cszego i nauki rz\u0105dowa matematyka wygl\u0105da inaczej. Na rok 2022 nie zaplanowano dla nas \u017cadnych podwy\u017cek wynagrodze\u0144, podobnie jak mia\u0142o to miejsce w roku 2021. W praktyce oznacza to kolejny rok istotnego spadku realnych p\u0142ac. Miar\u0105 arogancji w\u0142adzy mog\u0105 by\u0107 s\u0142owa Wiceministra Edukacji i Nauki W\u0142odzimierza Bernackiego z 8 listopada 2021 r., \u017ce podwy\u017cki wynagrodze\u0144 pracownik\u00f3w akademickich \u201enie jest to kwestia pierwszoplanowa\u201d.<\/p><\/div>\n\t\t\t\t<\/div>\n\t\t\t\t\t\t\t<div class=\"elementor-toggle-item\">\n\t\t\t\t\t<div id=\"elementor-tab-title-40921\" class=\"elementor-tab-title\" data-tab=\"21\" role=\"button\" aria-controls=\"elementor-tab-content-40921\" aria-expanded=\"false\">\n\t\t\t\t\t\t\t\t\t\t\t\t<span class=\"elementor-toggle-icon elementor-toggle-icon-left\" aria-hidden=\"true\">\n\t\t\t\t\t\t\t\t\t\t\t\t\t\t\t<span class=\"elementor-toggle-icon-closed\"><i class=\"fas fa-caret-down\"><\/i><\/span>\n\t\t\t\t\t\t\t\t<span class=\"elementor-toggle-icon-opened\"><i class=\"elementor-toggle-icon-opened fas fa-caret-up\"><\/i><\/span>\n\t\t\t\t\t\t\t\t\t\t\t\t\t<\/span>\n\t\t\t\t\t\t\t\t\t\t\t\t<a class=\"elementor-toggle-title\" tabindex=\"0\">Protest na uczelniach. Janusz Szczerba: Chodzi o dotrzymanie przez rz\u0105d obietnicy, kt\u00f3ra zosta\u0142a z\u0142amana<\/a>\n\t\t\t\t\t<\/div>\n\n\t\t\t\t\t<div id=\"elementor-tab-content-40921\" class=\"elementor-tab-content elementor-clearfix\" data-tab=\"21\" role=\"region\" aria-labelledby=\"elementor-tab-title-40921\"><p><em>&#8222;Efektem naszych dzia\u0142a\u0144 protestacyjnych b\u0119d\u0105 wyst\u0105pienia przed uczelniami wy\u017cszymi i instytutami naukowymi. Protesty odb\u0119d\u0105 si\u0119 tego samego dnia przed wszystkimi uczelniami w ca\u0142ej Polsce. Planujemy, \u017ce b\u0119dzie to 20 grudnia 2021 r. Chcemy zwr\u00f3ci\u0107 uwag\u0119 rz\u0105du, \u017ce dalsze niedofinansowanie szkolnictwa wy\u017cszego b\u0119dzie prowadzi\u0142o do jego zapa\u015bci&#8221;<\/em>.<\/p><p><strong><a href=\"https:\/\/glos.pl\/protest-na-uczelniach-janusz-szczerba-mamy-jeden-glowny-postulat-chodzi-o-dotrzymanie-przez-rzad-obietnicy-ktora-zostala-zlamana\" target=\"_blank\" rel=\"noopener\">Przeczytaj wywiad z Januszem Szczerb\u0105, prezesem Rady Szkolnictwa Wy\u017cszego i Nauki ZNP \u00bb<\/a><\/strong><\/p><p>\u00a0<\/p><\/div>\n\t\t\t\t<\/div>\n\t\t\t\t\t\t\t\t<\/div>\n\t\t\t\t\t\t<\/div>\n\t\t\t\t<\/div>\n\t\t\t\t\t<\/div>\n\t\t<\/div>\n\t\t\t\t\t<\/div>\n\t\t<\/section>\n\t\t\t\t<\/div>\n\t\t","protected":false},"excerpt":{"rendered":"<p>PROTEST PRACOWNIK\u00d3W SZKOLNICTWA WY\u017bSZEGO I&nbsp;NAUKI O co walczymy? Szkolnictwo wy\u017csze i nauka od lat zmagaj\u0105 si\u0119 z chronicznym niedofinansowaniem. Wielokrotnie wskazywali\u015bmy na to w naszych apelach kierowanych do rz\u0105dz\u0105cych \u2013 tak\u017ce w czasie trwania pandemii, kt\u00f3ra z ca\u0142\u0105 moc\u0105 unaoczni\u0142a znaczenie spo\u0142eczne bada\u0144 naukowych. Priorytety w\u0142adzy politycznej, w\u0142\u0105cznie z planami wielomiliardowego zwi\u0119kszania wydatk\u00f3w bud\u017cetowych, po &hellip;<\/p>\n<p class=\"read-more\"> <a class=\"\" href=\"https:\/\/protestszkolnictwa.pl\/\"> <span class=\"screen-reader-text\">Strona g\u0142\u00f3wna<\/span> Read More &raquo;<\/a><\/p>\n","protected":false},"author":1,"featured_media":0,"parent":0,"menu_order":0,"comment_status":"closed","ping_status":"closed","template":"","meta":{"site-sidebar-layout":"no-sidebar","site-content-layout":"page-builder","ast-site-content-layout":"","site-content-style":"default","site-sidebar-style":"default","ast-global-header-display":"","ast-banner-title-visibility":"","ast-main-header-display":"","ast-hfb-above-header-display":"","ast-hfb-below-header-display":"","ast-hfb-mobile-header-display":"","site-post-title":"disabled","ast-breadcrumbs-content":"","ast-featured-img":"disabled","footer-sml-layout":"","theme-transparent-header-meta":"","adv-header-id-meta":"","stick-header-meta":"","header-above-stick-meta":"","header-main-stick-meta":"","header-below-stick-meta":"","astra-migrate-meta-layouts":"","footnotes":""},"class_list":["post-758","page","type-page","status-publish","hentry"],"_links":{"self":[{"href":"https:\/\/protestszkolnictwa.pl\/index.php?rest_route=\/wp\/v2\/pages\/758","targetHints":{"allow":["GET"]}}],"collection":[{"href":"https:\/\/protestszkolnictwa.pl\/index.php?rest_route=\/wp\/v2\/pages"}],"about":[{"href":"https:\/\/protestszkolnictwa.pl\/index.php?rest_route=\/wp\/v2\/types\/page"}],"author":[{"embeddable":true,"href":"https:\/\/protestszkolnictwa.pl\/index.php?rest_route=\/wp\/v2\/users\/1"}],"replies":[{"embeddable":true,"href":"https:\/\/protestszkolnictwa.pl\/index.php?rest_route=%2Fwp%2Fv2%2Fcomments&post=758"}],"version-history":[{"count":43,"href":"https:\/\/protestszkolnictwa.pl\/index.php?rest_route=\/wp\/v2\/pages\/758\/revisions"}],"predecessor-version":[{"id":829,"href":"https:\/\/protestszkolnictwa.pl\/index.php?rest_route=\/wp\/v2\/pages\/758\/revisions\/829"}],"wp:attachment":[{"href":"https:\/\/protestszkolnictwa.pl\/index.php?rest_route=%2Fwp%2Fv2%2Fmedia&parent=758"}],"curies":[{"name":"wp","href":"https:\/\/api.w.org\/{rel}","templated":true}]}}